{"id":56386,"date":"2024-04-08T18:25:53","date_gmt":"2024-04-08T18:25:53","guid":{"rendered":"https:\/\/www.viajamenorca.com\/guide-touristique\/plages-et-criques\/recherche\/"},"modified":"2026-02-19T22:02:01","modified_gmt":"2026-02-19T22:02:01","slug":"recherche","status":"publish","type":"page","link":"https:\/\/www.viajamenorca.com\/fr\/guide-touristique\/plages-et-criques\/recherche\/","title":{"rendered":"recherche"},"content":{"rendered":"<div class=\"search-filter-query search-filter-query--id-2\">\t\n\t\ud83d\udd0e Total: 123 \ud83d\udcca<br \/>\n\t\ud83d\udcc4 1 \/ 13<br \/>\n\t\n\t<div class=\"pagination\">\n\t\t\n\t\t<div class=\"nav-previous\"><\/div>\n\t\t<div class=\"nav-next\"><\/div>\n\t\t\t<\/div>\n\t<div class=\"search-filter-query-posts\">\n\t\t\t\t\t<div class=\"search-result-item\">\n\t\t\t    \n\t\t\t    <div class=\"post-thumbnail-wrap\"><a href=\"https:\/\/www.viajamenorca.com\/fr\/que-faire-a-minorque\/foires-et-marches\/calendrier-des-foires-et-salons\/\"><img decoding=\"async\" width=\"1024\" height=\"826\" src=\"https:\/\/www.viajamenorca.com\/wp-content\/uploads\/2019\/03\/DSCN5407-e1553794115299-1024x826.jpg\" class=\"attachment-large size-large wp-post-image\" alt=\"\" srcset=\"https:\/\/www.viajamenorca.com\/wp-content\/uploads\/2019\/03\/DSCN5407-e1553794115299-1024x826.jpg 1024w, https:\/\/www.viajamenorca.com\/wp-content\/uploads\/2019\/03\/DSCN5407-e1553794115299-300x242.jpg 300w, https:\/\/www.viajamenorca.com\/wp-content\/uploads\/2019\/03\/DSCN5407-e1553794115299-768x619.jpg 768w, https:\/\/www.viajamenorca.com\/wp-content\/uploads\/2019\/03\/DSCN5407-e1553794115299-110x89.jpg 110w, https:\/\/www.viajamenorca.com\/wp-content\/uploads\/2019\/03\/DSCN5407-e1553794115299-420x339.jpg 420w, https:\/\/www.viajamenorca.com\/wp-content\/uploads\/2019\/03\/DSCN5407-e1553794115299-533x430.jpg 533w, https:\/\/www.viajamenorca.com\/wp-content\/uploads\/2019\/03\/DSCN5407-e1553794115299.jpg 1920w\" sizes=\"(max-width: 1024px) 100vw, 1024px\" \/><\/a><\/div>\t\t\t    \n\t\t\t    <h2>\n\t\t\t\t    <a href=\"https:\/\/www.viajamenorca.com\/fr\/que-faire-a-minorque\/foires-et-marches\/calendrier-des-foires-et-salons\/\">\n\t\t\t\t        Calendrier des foires et salons\t\t\t\t    <\/a>\n\t\t\t\t<\/h2>\n\t\t\t\t\n\t\t\t    \t\t\t\t<p class=\"post-excerpt\"><p>De nombreuses foires sont organis\u00e9es tout au long de l&rsquo;ann\u00e9e dans toutes les r\u00e9gions de l&rsquo;\u00eele. Tradition, gastronomie et culture \u00c0 Minorque, l&rsquo;activit\u00e9 des foires est tr\u00e8s intense, avec de &#8230; <\/p>\n<p class=\"read-more-container\"><a title=\"Calendrier des foires et salons\" class=\"read-more button\" href=\"https:\/\/www.viajamenorca.com\/fr\/que-faire-a-minorque\/foires-et-marches\/calendrier-des-foires-et-salons\/#more-52717\" aria-label=\"En savoir plus sur Calendrier des foires et salons\">Lire plus<\/a><\/p>\n<\/p>\n\t\t\t\t\n\t\t\t<\/div>\n\t\t\t<hr \/>\n\t\t\t\t\t\t<div class=\"search-result-item\">\n\t\t\t    \n\t\t\t    <div class=\"post-thumbnail-wrap\"><a href=\"https:\/\/www.viajamenorca.com\/fr\/que-faire-a-minorque\/foires-et-marches\/\"><img decoding=\"async\" width=\"768\" height=\"1024\" src=\"https:\/\/www.viajamenorca.com\/wp-content\/uploads\/2017\/02\/mercado_artesanal-768x1024.jpg\" class=\"attachment-large size-large wp-post-image\" alt=\"Foires et march\u00e9s\" \/><\/a><\/div>\t\t\t    \n\t\t\t    <h2>\n\t\t\t\t    <a href=\"https:\/\/www.viajamenorca.com\/fr\/que-faire-a-minorque\/foires-et-marches\/\">\n\t\t\t\t        Foires et march\u00e9s\t\t\t\t    <\/a>\n\t\t\t\t<\/h2>\n\t\t\t\t\n\t\t\t    \t\t\t\t<p class=\"post-excerpt\"><p>Tout au long de l&rsquo;ann\u00e9e, diff\u00e9rentes foires et march\u00e9s artisanaux sont organis\u00e9sdans tous les villages de l&rsquo;\u00eele, surtout pendant les mois d&rsquo;\u00e9t\u00e9. Produits de Minorque Ces \u00e9v\u00e9nements sont parfaits pour &#8230; <\/p>\n<p class=\"read-more-container\"><a title=\"Foires et march\u00e9s\" class=\"read-more button\" href=\"https:\/\/www.viajamenorca.com\/fr\/que-faire-a-minorque\/foires-et-marches\/#more-52755\" aria-label=\"En savoir plus sur Foires et march\u00e9s\">Lire plus<\/a><\/p>\n<\/p>\n\t\t\t\t\n\t\t\t<\/div>\n\t\t\t<hr \/>\n\t\t\t\t\t\t<div class=\"search-result-item\">\n\t\t\t    \n\t\t\t    <div class=\"post-thumbnail-wrap\"><a href=\"https:\/\/www.viajamenorca.com\/fr\/guide-touristique\/carte-%f0%9f%93%8c-routes-et-itineraires\/\"><img decoding=\"async\" width=\"768\" height=\"574\" src=\"https:\/\/www.viajamenorca.com\/wp-content\/uploads\/2018\/11\/Mapa-de-Menorca-Rutas-e-itinerarios-de-interes-e1624551630280.png\" class=\"attachment-large size-large wp-post-image\" alt=\"\" srcset=\"https:\/\/www.viajamenorca.com\/wp-content\/uploads\/2018\/11\/Mapa-de-Menorca-Rutas-e-itinerarios-de-interes-e1624551630280.png 768w, https:\/\/www.viajamenorca.com\/wp-content\/uploads\/2018\/11\/Mapa-de-Menorca-Rutas-e-itinerarios-de-interes-e1624551630280-300x224.png 300w\" sizes=\"(max-width: 768px) 100vw, 768px\" \/><\/a><\/div>\t\t\t    \n\t\t\t    <h2>\n\t\t\t\t    <a href=\"https:\/\/www.viajamenorca.com\/fr\/guide-touristique\/carte-%f0%9f%93%8c-routes-et-itineraires\/\">\n\t\t\t\t        Carte \ud83d\udccc Routes et itin\u00e9raires\t\t\t\t    <\/a>\n\t\t\t\t<\/h2>\n\t\t\t\t\n\t\t\t    \t\t\t\t<p class=\"post-excerpt\"><p>Nous avons rassembl\u00e9 sur cette carte toutes les routes et tous les itin\u00e9raires d&rsquo;int\u00e9r\u00eat de l&rsquo;\u00eele de Minorque, \u00eeles Bal\u00e9ares, que vous pouvez trouver sur notre site web. Autres cartes &#8230; <\/p>\n<p class=\"read-more-container\"><a title=\"Carte \ud83d\udccc Routes et itin\u00e9raires\" class=\"read-more button\" href=\"https:\/\/www.viajamenorca.com\/fr\/guide-touristique\/carte-%f0%9f%93%8c-routes-et-itineraires\/#more-52768\" aria-label=\"En savoir plus sur Carte \ud83d\udccc Routes et itin\u00e9raires\">Lire plus<\/a><\/p>\n<\/p>\n\t\t\t\t\n\t\t\t<\/div>\n\t\t\t<hr \/>\n\t\t\t\t\t\t<div class=\"search-result-item\">\n\t\t\t    \n\t\t\t    <div class=\"post-thumbnail-wrap\"><a href=\"https:\/\/www.viajamenorca.com\/fr\/blog-magazine\/grottes-et-cavites-naturelles\/\"><img decoding=\"async\" width=\"1024\" height=\"806\" src=\"https:\/\/www.viajamenorca.com\/wp-content\/uploads\/2021\/04\/20210403_182119_HDR_stitch-1024x806.jpg\" class=\"attachment-large size-large wp-post-image\" alt=\"\" srcset=\"https:\/\/www.viajamenorca.com\/wp-content\/uploads\/2021\/04\/20210403_182119_HDR_stitch-1024x806.jpg 1024w, https:\/\/www.viajamenorca.com\/wp-content\/uploads\/2021\/04\/20210403_182119_HDR_stitch-300x236.jpg 300w, https:\/\/www.viajamenorca.com\/wp-content\/uploads\/2021\/04\/20210403_182119_HDR_stitch-768x605.jpg 768w, https:\/\/www.viajamenorca.com\/wp-content\/uploads\/2021\/04\/20210403_182119_HDR_stitch-1536x1209.jpg 1536w, https:\/\/www.viajamenorca.com\/wp-content\/uploads\/2021\/04\/20210403_182119_HDR_stitch-2048x1613.jpg 2048w, https:\/\/www.viajamenorca.com\/wp-content\/uploads\/2021\/04\/20210403_182119_HDR_stitch-110x87.jpg 110w, https:\/\/www.viajamenorca.com\/wp-content\/uploads\/2021\/04\/20210403_182119_HDR_stitch-420x331.jpg 420w, https:\/\/www.viajamenorca.com\/wp-content\/uploads\/2021\/04\/20210403_182119_HDR_stitch-546x430.jpg 546w\" sizes=\"(max-width: 1024px) 100vw, 1024px\" \/><\/a><\/div>\t\t\t    \n\t\t\t    <h2>\n\t\t\t\t    <a href=\"https:\/\/www.viajamenorca.com\/fr\/blog-magazine\/grottes-et-cavites-naturelles\/\">\n\t\t\t\t        Grottes et cavit\u00e9s naturelles\t\t\t\t    <\/a>\n\t\t\t\t<\/h2>\n\t\t\t\t\n\t\t\t    \t\t\t\t<p class=\"post-excerpt\"><p>D\u00e9couvrez les impressionnantes grottes de l&rsquo;\u00eele : un guide complet pour les amateurs de sp\u00e9l\u00e9ologie, d&rsquo;arch\u00e9ologie et de nature. Les grottes les plus visit\u00e9es L&rsquo;\u00eele offre \u00e9galement un grand nombre &#8230; <\/p>\n<p class=\"read-more-container\"><a title=\"Grottes et cavit\u00e9s naturelles\" class=\"read-more button\" href=\"https:\/\/www.viajamenorca.com\/fr\/blog-magazine\/grottes-et-cavites-naturelles\/#more-52775\" aria-label=\"En savoir plus sur Grottes et cavit\u00e9s naturelles\">Lire plus<\/a><\/p>\n<\/p>\n\t\t\t\t\n\t\t\t<\/div>\n\t\t\t<hr \/>\n\t\t\t\t\t\t<div class=\"search-result-item\">\n\t\t\t    \n\t\t\t    <div class=\"post-thumbnail-wrap\"><a href=\"https:\/\/www.viajamenorca.com\/fr\/guide-touristique\/transport\/taxis-tarifs-et-services\/\"><img decoding=\"async\" width=\"1024\" height=\"530\" src=\"https:\/\/www.viajamenorca.com\/wp-content\/uploads\/2019\/03\/IMG_20230805_130740-1024x530.jpg\" class=\"attachment-large size-large wp-post-image\" alt=\"\" srcset=\"https:\/\/www.viajamenorca.com\/wp-content\/uploads\/2019\/03\/IMG_20230805_130740-1024x530.jpg 1024w, https:\/\/www.viajamenorca.com\/wp-content\/uploads\/2019\/03\/IMG_20230805_130740-350x181.jpg 350w, https:\/\/www.viajamenorca.com\/wp-content\/uploads\/2019\/03\/IMG_20230805_130740-768x397.jpg 768w, https:\/\/www.viajamenorca.com\/wp-content\/uploads\/2019\/03\/IMG_20230805_130740-1536x795.jpg 1536w, https:\/\/www.viajamenorca.com\/wp-content\/uploads\/2019\/03\/IMG_20230805_130740-2048x1060.jpg 2048w\" sizes=\"(max-width: 1024px) 100vw, 1024px\" \/><\/a><\/div>\t\t\t    \n\t\t\t    <h2>\n\t\t\t\t    <a href=\"https:\/\/www.viajamenorca.com\/fr\/guide-touristique\/transport\/taxis-tarifs-et-services\/\">\n\t\t\t\t        Taxis : tarifs et services\t\t\t\t    <\/a>\n\t\t\t\t<\/h2>\n\t\t\t\t\n\t\t\t    \t\t\t\t<p class=\"post-excerpt\"><p>Pour les touristes et les visiteurs qui souhaitent explorer cette belle \u00eele, le service de taxi est une option id\u00e9ale pour se d\u00e9placer. Dans cet article, nous allons explorer le &#8230; <\/p>\n<p class=\"read-more-container\"><a title=\"Taxis : tarifs et services\" class=\"read-more button\" href=\"https:\/\/www.viajamenorca.com\/fr\/guide-touristique\/transport\/taxis-tarifs-et-services\/#more-52793\" aria-label=\"En savoir plus sur Taxis : tarifs et services\">Lire plus<\/a><\/p>\n<\/p>\n\t\t\t\t\n\t\t\t<\/div>\n\t\t\t<hr \/>\n\t\t\t\t\t\t<div class=\"search-result-item\">\n\t\t\t    \n\t\t\t    <div class=\"post-thumbnail-wrap\"><a href=\"https:\/\/www.viajamenorca.com\/fr\/blog-magazine\/peche-a-minorque\/\"><img decoding=\"async\" width=\"1024\" height=\"683\" src=\"https:\/\/www.viajamenorca.com\/wp-content\/uploads\/2023\/02\/Pescar-en-Menorca-1024x683.jpg\" class=\"attachment-large size-large wp-post-image\" alt=\"\" srcset=\"https:\/\/www.viajamenorca.com\/wp-content\/uploads\/2023\/02\/Pescar-en-Menorca-1024x683.jpg 1024w, https:\/\/www.viajamenorca.com\/wp-content\/uploads\/2023\/02\/Pescar-en-Menorca-350x233.jpg 350w, https:\/\/www.viajamenorca.com\/wp-content\/uploads\/2023\/02\/Pescar-en-Menorca-768x512.jpg 768w, https:\/\/www.viajamenorca.com\/wp-content\/uploads\/2023\/02\/Pescar-en-Menorca-1536x1024.jpg 1536w, https:\/\/www.viajamenorca.com\/wp-content\/uploads\/2023\/02\/Pescar-en-Menorca-2048x1365.jpg 2048w\" sizes=\"(max-width: 1024px) 100vw, 1024px\" \/><\/a><\/div>\t\t\t    \n\t\t\t    <h2>\n\t\t\t\t    <a href=\"https:\/\/www.viajamenorca.com\/fr\/blog-magazine\/peche-a-minorque\/\">\n\t\t\t\t        P\u00eache \u00e0 Minorque\t\t\t\t    <\/a>\n\t\t\t\t<\/h2>\n\t\t\t\t\n\t\t\t    \t\t\t\t<p class=\"post-excerpt\"><p>L&rsquo;\u00eele est un paradis pour les amateurs de p\u00eache, avec une grande vari\u00e9t\u00e9 d&rsquo;esp\u00e8ces et des paysages \u00e0 couper le souffle \u00e0 explorer. Vous trouverez ci-dessous des informations sur les &#8230; <\/p>\n<p class=\"read-more-container\"><a title=\"P\u00eache \u00e0 Minorque\" class=\"read-more button\" href=\"https:\/\/www.viajamenorca.com\/fr\/blog-magazine\/peche-a-minorque\/#more-52830\" aria-label=\"En savoir plus sur P\u00eache \u00e0 Minorque\">Lire plus<\/a><\/p>\n<\/p>\n\t\t\t\t\n\t\t\t<\/div>\n\t\t\t<hr \/>\n\t\t\t\t\t\t<div class=\"search-result-item\">\n\t\t\t    \n\t\t\t    <div class=\"post-thumbnail-wrap\"><a href=\"https:\/\/www.viajamenorca.com\/fr\/blog-magazine\/guide-lgbt-de-minorque\/\"><img decoding=\"async\" width=\"1024\" height=\"683\" src=\"https:\/\/www.viajamenorca.com\/wp-content\/uploads\/2023\/02\/LGBT-playa-menorca-1024x683.jpg\" class=\"attachment-large size-large wp-post-image\" alt=\"\" srcset=\"https:\/\/www.viajamenorca.com\/wp-content\/uploads\/2023\/02\/LGBT-playa-menorca-1024x683.jpg 1024w, https:\/\/www.viajamenorca.com\/wp-content\/uploads\/2023\/02\/LGBT-playa-menorca-350x233.jpg 350w, https:\/\/www.viajamenorca.com\/wp-content\/uploads\/2023\/02\/LGBT-playa-menorca-768x512.jpg 768w, https:\/\/www.viajamenorca.com\/wp-content\/uploads\/2023\/02\/LGBT-playa-menorca-1536x1024.jpg 1536w, https:\/\/www.viajamenorca.com\/wp-content\/uploads\/2023\/02\/LGBT-playa-menorca-2048x1365.jpg 2048w\" sizes=\"(max-width: 1024px) 100vw, 1024px\" \/><\/a><\/div>\t\t\t    \n\t\t\t    <h2>\n\t\t\t\t    <a href=\"https:\/\/www.viajamenorca.com\/fr\/blog-magazine\/guide-lgbt-de-minorque\/\">\n\t\t\t\t        Guide LGBT+ de Minorque\t\t\t\t    <\/a>\n\t\t\t\t<\/h2>\n\t\t\t\t\n\t\t\t    \t\t\t\t<p class=\"post-excerpt\"><p>L&rsquo;\u00eele de Minorque est un v\u00e9ritable paradis pour les voyageurs LGBT+. Avec ses plages de r\u00eave, son histoire riche et sa vie nocturne anim\u00e9e, c&rsquo;est l&rsquo;endroit id\u00e9al pour des vacances &#8230; <\/p>\n<p class=\"read-more-container\"><a title=\"Guide LGBT+ de Minorque\" class=\"read-more button\" href=\"https:\/\/www.viajamenorca.com\/fr\/blog-magazine\/guide-lgbt-de-minorque\/#more-52886\" aria-label=\"En savoir plus sur Guide LGBT+ de Minorque\">Lire plus<\/a><\/p>\n<\/p>\n\t\t\t\t\n\t\t\t<\/div>\n\t\t\t<hr \/>\n\t\t\t\t\t\t<div class=\"search-result-item\">\n\t\t\t    \n\t\t\t    <div class=\"post-thumbnail-wrap\"><a href=\"https:\/\/www.viajamenorca.com\/fr\/guide-touristique\/fetes-patronales\/calendrier-des-vacances\/\"><img decoding=\"async\" width=\"723\" height=\"1024\" src=\"https:\/\/www.viajamenorca.com\/wp-content\/uploads\/2018\/11\/Calendario_Fiestas_Menorca-723x1024.jpg\" class=\"attachment-large size-large wp-post-image\" alt=\"F\u00eates de Minorque\" srcset=\"https:\/\/www.viajamenorca.com\/wp-content\/uploads\/2018\/11\/Calendario_Fiestas_Menorca-723x1024.jpg 723w, https:\/\/www.viajamenorca.com\/wp-content\/uploads\/2018\/11\/Calendario_Fiestas_Menorca-212x300.jpg 212w, https:\/\/www.viajamenorca.com\/wp-content\/uploads\/2018\/11\/Calendario_Fiestas_Menorca-768x1087.jpg 768w, https:\/\/www.viajamenorca.com\/wp-content\/uploads\/2018\/11\/Calendario_Fiestas_Menorca-78x110.jpg 78w, https:\/\/www.viajamenorca.com\/wp-content\/uploads\/2018\/11\/Calendario_Fiestas_Menorca-297x420.jpg 297w, https:\/\/www.viajamenorca.com\/wp-content\/uploads\/2018\/11\/Calendario_Fiestas_Menorca-304x430.jpg 304w, https:\/\/www.viajamenorca.com\/wp-content\/uploads\/2018\/11\/Calendario_Fiestas_Menorca.jpg 1500w\" sizes=\"(max-width: 723px) 100vw, 723px\" \/><\/a><\/div>\t\t\t    \n\t\t\t    <h2>\n\t\t\t\t    <a href=\"https:\/\/www.viajamenorca.com\/fr\/guide-touristique\/fetes-patronales\/calendrier-des-vacances\/\">\n\t\t\t\t        Calendrier des vacances\t\t\t\t    <\/a>\n\t\t\t\t<\/h2>\n\t\t\t\t\n\t\t\t    \t\t\t\t<p class=\"post-excerpt\"><p>Minorque est c\u00e9l\u00e8bre pour ses f\u00eates patronales qui sont c\u00e9l\u00e9br\u00e9es tout au long de l&rsquo;ann\u00e9e. Nous vous pr\u00e9sentons ici le calendrier des f\u00eates 2026 et des informations sur les protocoles, &#8230; <\/p>\n<p class=\"read-more-container\"><a title=\"Calendrier des vacances\" class=\"read-more button\" href=\"https:\/\/www.viajamenorca.com\/fr\/guide-touristique\/fetes-patronales\/calendrier-des-vacances\/#more-52887\" aria-label=\"En savoir plus sur Calendrier des vacances\">Lire plus<\/a><\/p>\n<\/p>\n\t\t\t\t\n\t\t\t<\/div>\n\t\t\t<hr \/>\n\t\t\t\t\t\t<div class=\"search-result-item\">\n\t\t\t    \n\t\t\t    <div class=\"post-thumbnail-wrap\"><a href=\"https:\/\/www.viajamenorca.com\/fr\/guide-touristique\/plages-et-criques\/plages-nudistes\/\"><img decoding=\"async\" width=\"1024\" height=\"428\" src=\"https:\/\/www.viajamenorca.com\/wp-content\/uploads\/2019\/02\/20180507_154122-1024x428.jpg\" class=\"attachment-large size-large wp-post-image\" alt=\"L&#039;anse Macarella\" srcset=\"https:\/\/www.viajamenorca.com\/wp-content\/uploads\/2019\/02\/20180507_154122-1024x428.jpg 1024w, https:\/\/www.viajamenorca.com\/wp-content\/uploads\/2019\/02\/20180507_154122-300x125.jpg 300w, https:\/\/www.viajamenorca.com\/wp-content\/uploads\/2019\/02\/20180507_154122-768x321.jpg 768w, https:\/\/www.viajamenorca.com\/wp-content\/uploads\/2019\/02\/20180507_154122-1536x642.jpg 1536w, https:\/\/www.viajamenorca.com\/wp-content\/uploads\/2019\/02\/20180507_154122-2048x855.jpg 2048w, https:\/\/www.viajamenorca.com\/wp-content\/uploads\/2019\/02\/20180507_154122-110x46.jpg 110w, https:\/\/www.viajamenorca.com\/wp-content\/uploads\/2019\/02\/20180507_154122-420x175.jpg 420w, https:\/\/www.viajamenorca.com\/wp-content\/uploads\/2019\/02\/20180507_154122-770x322.jpg 770w\" sizes=\"(max-width: 1024px) 100vw, 1024px\" \/><\/a><\/div>\t\t\t    \n\t\t\t    <h2>\n\t\t\t\t    <a href=\"https:\/\/www.viajamenorca.com\/fr\/guide-touristique\/plages-et-criques\/plages-nudistes\/\">\n\t\t\t\t        Plages nudistes\t\t\t\t    <\/a>\n\t\t\t\t<\/h2>\n\t\t\t\t\n\t\t\t    \t\t\t\t<p class=\"post-excerpt\"><p>L&rsquo;\u00eele est \u00e9galement une destination populaire pour les nudistes, avec plusieurs plages o\u00f9 le nudisme est autoris\u00e9. Plages o\u00f9 l&rsquo;on peut pratiquer le nudisme \u00e0 Minorque L&rsquo;une des plages les &#8230; <\/p>\n<p class=\"read-more-container\"><a title=\"Plages nudistes\" class=\"read-more button\" href=\"https:\/\/www.viajamenorca.com\/fr\/guide-touristique\/plages-et-criques\/plages-nudistes\/#more-52912\" aria-label=\"En savoir plus sur Plages nudistes\">Lire plus<\/a><\/p>\n<\/p>\n\t\t\t\t\n\t\t\t<\/div>\n\t\t\t<hr \/>\n\t\t\t\t\t\t<div class=\"search-result-item\">\n\t\t\t    \n\t\t\t    <div class=\"post-thumbnail-wrap\"><a href=\"https:\/\/www.viajamenorca.com\/fr\/que-faire-a-minorque\/foires-et-marches\/calendrier-des-marches-artisanaux-et-agroalimentaires\/\"><img decoding=\"async\" width=\"1024\" height=\"635\" src=\"https:\/\/www.viajamenorca.com\/wp-content\/uploads\/2020\/07\/IMG_20220210_125447_1-1024x635.jpg\" class=\"attachment-large size-large wp-post-image\" alt=\"\" srcset=\"https:\/\/www.viajamenorca.com\/wp-content\/uploads\/2020\/07\/IMG_20220210_125447_1-1024x635.jpg 1024w, https:\/\/www.viajamenorca.com\/wp-content\/uploads\/2020\/07\/IMG_20220210_125447_1-350x217.jpg 350w, https:\/\/www.viajamenorca.com\/wp-content\/uploads\/2020\/07\/IMG_20220210_125447_1-768x476.jpg 768w, https:\/\/www.viajamenorca.com\/wp-content\/uploads\/2020\/07\/IMG_20220210_125447_1-1536x953.jpg 1536w, https:\/\/www.viajamenorca.com\/wp-content\/uploads\/2020\/07\/IMG_20220210_125447_1-2048x1270.jpg 2048w\" sizes=\"(max-width: 1024px) 100vw, 1024px\" \/><\/a><\/div>\t\t\t    \n\t\t\t    <h2>\n\t\t\t\t    <a href=\"https:\/\/www.viajamenorca.com\/fr\/que-faire-a-minorque\/foires-et-marches\/calendrier-des-marches-artisanaux-et-agroalimentaires\/\">\n\t\t\t\t        Calendrier des march\u00e9s artisanaux et agroalimentaires\t\t\t\t    <\/a>\n\t\t\t\t<\/h2>\n\t\t\t\t\n\t\t\t    \t\t\t\t<p class=\"post-excerpt\"><p>Tout au long de l&rsquo;ann\u00e9e, et surtout pendant les mois d&rsquo;\u00e9t\u00e9, de nombreux march\u00e9s et march\u00e9s de rue sont organis\u00e9s dans toutes les villes et tous les villages de l&rsquo;\u00eele, &#8230; <\/p>\n<p class=\"read-more-container\"><a title=\"Calendrier des march\u00e9s artisanaux et agroalimentaires\" class=\"read-more button\" href=\"https:\/\/www.viajamenorca.com\/fr\/que-faire-a-minorque\/foires-et-marches\/calendrier-des-marches-artisanaux-et-agroalimentaires\/#more-52917\" aria-label=\"En savoir plus sur Calendrier des march\u00e9s artisanaux et agroalimentaires\">Lire plus<\/a><\/p>\n<\/p>\n\t\t\t\t\n\t\t\t<\/div>\n\t\t\t<hr \/>\n\t\t\t\t<\/div>\n\t\n\t\ud83d\udcc4 1 \/ 13<br \/>\n\t\n\t<div class=\"pagination\">\n\t\t<div class=\"nav-previous\"><a href=\"https:\/\/www.viajamenorca.com\/fr\/wp-json\/wp\/v2\/pages\/56386\/page\/2\/\" >\u27a1\ufe0f posts<\/a><\/div>\n\t\t<div class=\"nav-next\"><\/div>\n\t\t\t<\/div>\n\t<\/div>\n","protected":false},"excerpt":{"rendered":"","protected":false},"author":1,"featured_media":0,"parent":53187,"menu_order":0,"comment_status":"closed","ping_status":"closed","template":"","meta":{"_acf_changed":false,"footnotes":""},"class_list":["post-56386","page","type-page","status-publish","hentry","resize-featured-image"],"acf":[],"yoast_head":"<!-- This site is optimized with the Yoast SEO plugin v27.4 - https:\/\/yoast.com\/product\/yoast-seo-wordpress\/ -->\n<title>recherche - Viaja a Menorca<\/title>\n<meta name=\"robots\" content=\"noindex, nofollow\" \/>\n<meta property=\"og:locale\" content=\"fr_FR\" \/>\n<meta property=\"og:type\" content=\"article\" \/>\n<meta property=\"og:title\" content=\"recherche - Viaja a Menorca\" \/>\n<meta property=\"og:url\" content=\"https:\/\/www.viajamenorca.com\/fr\/guide-touristique\/plages-et-criques\/recherche\/\" \/>\n<meta property=\"og:site_name\" content=\"Viaja a Menorca\" \/>\n<meta property=\"article:publisher\" content=\"https:\/\/www.facebook.com\/ViajaMenorca\/\" \/>\n<meta property=\"article:modified_time\" content=\"2026-02-19T22:02:01+00:00\" \/>\n<meta property=\"og:image\" content=\"https:\/\/www.viajamenorca.com\/wp-content\/uploads\/2024\/12\/banner_fotos.jpg\" \/>\n\t<meta property=\"og:image:width\" content=\"1085\" \/>\n\t<meta property=\"og:image:height\" content=\"543\" \/>\n\t<meta property=\"og:image:type\" content=\"image\/jpeg\" \/>\n<meta name=\"twitter:card\" content=\"summary_large_image\" \/>\n<meta name=\"twitter:site\" content=\"@ViajaMenorca\" \/>\n<meta name=\"twitter:label1\" content=\"Dur\u00e9e de lecture estim\u00e9e\" \/>\n\t<meta name=\"twitter:data1\" content=\"1 minute\" \/>\n<script type=\"application\/ld+json\" class=\"yoast-schema-graph\">{\"@context\":\"https:\\\/\\\/schema.org\",\"@graph\":[{\"@type\":\"WebPage\",\"@id\":\"https:\\\/\\\/www.viajamenorca.com\\\/fr\\\/guide-touristique\\\/plages-et-criques\\\/recherche\\\/\",\"url\":\"https:\\\/\\\/www.viajamenorca.com\\\/fr\\\/guide-touristique\\\/plages-et-criques\\\/recherche\\\/\",\"name\":\"recherche - Viaja a Menorca\",\"isPartOf\":{\"@id\":\"https:\\\/\\\/www.viajamenorca.com\\\/fr\\\/#website\"},\"datePublished\":\"2024-04-08T18:25:53+00:00\",\"dateModified\":\"2026-02-19T22:02:01+00:00\",\"breadcrumb\":{\"@id\":\"https:\\\/\\\/www.viajamenorca.com\\\/fr\\\/guide-touristique\\\/plages-et-criques\\\/recherche\\\/#breadcrumb\"},\"inLanguage\":\"fr-FR\",\"potentialAction\":[{\"@type\":\"ReadAction\",\"target\":[\"https:\\\/\\\/www.viajamenorca.com\\\/fr\\\/guide-touristique\\\/plages-et-criques\\\/recherche\\\/\"]}]},{\"@type\":\"BreadcrumbList\",\"@id\":\"https:\\\/\\\/www.viajamenorca.com\\\/fr\\\/guide-touristique\\\/plages-et-criques\\\/recherche\\\/#breadcrumb\",\"itemListElement\":[{\"@type\":\"ListItem\",\"position\":1,\"name\":\"Guide touristique de Minorque 2026\",\"item\":\"https:\\\/\\\/www.viajamenorca.com\\\/fr\\\/guide-touristique\\\/\"},{\"@type\":\"ListItem\",\"position\":2,\"name\":\"Plages\",\"item\":\"https:\\\/\\\/www.viajamenorca.com\\\/fr\\\/guide-touristique\\\/plages-et-criques\\\/\"},{\"@type\":\"ListItem\",\"position\":3,\"name\":\"recherche\"}]},{\"@type\":\"WebSite\",\"@id\":\"https:\\\/\\\/www.viajamenorca.com\\\/fr\\\/#website\",\"url\":\"https:\\\/\\\/www.viajamenorca.com\\\/fr\\\/\",\"name\":\"Viaja a Menorca\",\"description\":\"Votre aventure minorquine commence ici !\",\"publisher\":{\"@id\":\"https:\\\/\\\/www.viajamenorca.com\\\/fr\\\/#organization\"},\"alternateName\":\"Gu\u00eda tur\u00edstica de Menorca\",\"potentialAction\":[{\"@type\":\"SearchAction\",\"target\":{\"@type\":\"EntryPoint\",\"urlTemplate\":\"https:\\\/\\\/www.viajamenorca.com\\\/fr\\\/?s={search_term_string}\"},\"query-input\":{\"@type\":\"PropertyValueSpecification\",\"valueRequired\":true,\"valueName\":\"search_term_string\"}}],\"inLanguage\":\"fr-FR\"},{\"@type\":\"Organization\",\"@id\":\"https:\\\/\\\/www.viajamenorca.com\\\/fr\\\/#organization\",\"name\":\"Viaja a Menorca - Gu\u00eda tur\u00edstica\",\"alternateName\":\"Viaja a Menorca\",\"url\":\"https:\\\/\\\/www.viajamenorca.com\\\/fr\\\/\",\"logo\":{\"@type\":\"ImageObject\",\"inLanguage\":\"fr-FR\",\"@id\":\"https:\\\/\\\/www.viajamenorca.com\\\/fr\\\/#\\\/schema\\\/logo\\\/image\\\/\",\"url\":\"https:\\\/\\\/www.viajamenorca.com\\\/wp-content\\\/uploads\\\/2021\\\/11\\\/viajamenorca.jpg\",\"contentUrl\":\"https:\\\/\\\/www.viajamenorca.com\\\/wp-content\\\/uploads\\\/2021\\\/11\\\/viajamenorca.jpg\",\"width\":714,\"height\":714,\"caption\":\"Viaja a Menorca - Gu\u00eda tur\u00edstica\"},\"image\":{\"@id\":\"https:\\\/\\\/www.viajamenorca.com\\\/fr\\\/#\\\/schema\\\/logo\\\/image\\\/\"},\"sameAs\":[\"https:\\\/\\\/www.facebook.com\\\/ViajaMenorca\\\/\",\"https:\\\/\\\/x.com\\\/ViajaMenorca\",\"https:\\\/\\\/www.instagram.com\\\/viaja_menorca\\\/?hl=es\",\"https:\\\/\\\/www.youtube.com\\\/channel\\\/UCWtpR3jxp79HeZ8zZfHLhXw\"]}]}<\/script>\n<!-- \/ Yoast SEO plugin. -->","yoast_head_json":{"title":"recherche - Viaja a Menorca","robots":{"index":"noindex","follow":"nofollow"},"og_locale":"fr_FR","og_type":"article","og_title":"recherche - Viaja a Menorca","og_url":"https:\/\/www.viajamenorca.com\/fr\/guide-touristique\/plages-et-criques\/recherche\/","og_site_name":"Viaja a Menorca","article_publisher":"https:\/\/www.facebook.com\/ViajaMenorca\/","article_modified_time":"2026-02-19T22:02:01+00:00","og_image":[{"width":1085,"height":543,"url":"https:\/\/www.viajamenorca.com\/wp-content\/uploads\/2024\/12\/banner_fotos.jpg","type":"image\/jpeg"}],"twitter_card":"summary_large_image","twitter_site":"@ViajaMenorca","twitter_misc":{"Dur\u00e9e de lecture estim\u00e9e":"1 minute"},"schema":{"@context":"https:\/\/schema.org","@graph":[{"@type":"WebPage","@id":"https:\/\/www.viajamenorca.com\/fr\/guide-touristique\/plages-et-criques\/recherche\/","url":"https:\/\/www.viajamenorca.com\/fr\/guide-touristique\/plages-et-criques\/recherche\/","name":"recherche - Viaja a Menorca","isPartOf":{"@id":"https:\/\/www.viajamenorca.com\/fr\/#website"},"datePublished":"2024-04-08T18:25:53+00:00","dateModified":"2026-02-19T22:02:01+00:00","breadcrumb":{"@id":"https:\/\/www.viajamenorca.com\/fr\/guide-touristique\/plages-et-criques\/recherche\/#breadcrumb"},"inLanguage":"fr-FR","potentialAction":[{"@type":"ReadAction","target":["https:\/\/www.viajamenorca.com\/fr\/guide-touristique\/plages-et-criques\/recherche\/"]}]},{"@type":"BreadcrumbList","@id":"https:\/\/www.viajamenorca.com\/fr\/guide-touristique\/plages-et-criques\/recherche\/#breadcrumb","itemListElement":[{"@type":"ListItem","position":1,"name":"Guide touristique de Minorque 2026","item":"https:\/\/www.viajamenorca.com\/fr\/guide-touristique\/"},{"@type":"ListItem","position":2,"name":"Plages","item":"https:\/\/www.viajamenorca.com\/fr\/guide-touristique\/plages-et-criques\/"},{"@type":"ListItem","position":3,"name":"recherche"}]},{"@type":"WebSite","@id":"https:\/\/www.viajamenorca.com\/fr\/#website","url":"https:\/\/www.viajamenorca.com\/fr\/","name":"Viaja a Menorca","description":"Votre aventure minorquine commence ici !","publisher":{"@id":"https:\/\/www.viajamenorca.com\/fr\/#organization"},"alternateName":"Gu\u00eda tur\u00edstica de Menorca","potentialAction":[{"@type":"SearchAction","target":{"@type":"EntryPoint","urlTemplate":"https:\/\/www.viajamenorca.com\/fr\/?s={search_term_string}"},"query-input":{"@type":"PropertyValueSpecification","valueRequired":true,"valueName":"search_term_string"}}],"inLanguage":"fr-FR"},{"@type":"Organization","@id":"https:\/\/www.viajamenorca.com\/fr\/#organization","name":"Viaja a Menorca - Gu\u00eda tur\u00edstica","alternateName":"Viaja a Menorca","url":"https:\/\/www.viajamenorca.com\/fr\/","logo":{"@type":"ImageObject","inLanguage":"fr-FR","@id":"https:\/\/www.viajamenorca.com\/fr\/#\/schema\/logo\/image\/","url":"https:\/\/www.viajamenorca.com\/wp-content\/uploads\/2021\/11\/viajamenorca.jpg","contentUrl":"https:\/\/www.viajamenorca.com\/wp-content\/uploads\/2021\/11\/viajamenorca.jpg","width":714,"height":714,"caption":"Viaja a Menorca - Gu\u00eda tur\u00edstica"},"image":{"@id":"https:\/\/www.viajamenorca.com\/fr\/#\/schema\/logo\/image\/"},"sameAs":["https:\/\/www.facebook.com\/ViajaMenorca\/","https:\/\/x.com\/ViajaMenorca","https:\/\/www.instagram.com\/viaja_menorca\/?hl=es","https:\/\/www.youtube.com\/channel\/UCWtpR3jxp79HeZ8zZfHLhXw"]}]}},"_links":{"self":[{"href":"https:\/\/www.viajamenorca.com\/fr\/wp-json\/wp\/v2\/pages\/56386","targetHints":{"allow":["GET"]}}],"collection":[{"href":"https:\/\/www.viajamenorca.com\/fr\/wp-json\/wp\/v2\/pages"}],"about":[{"href":"https:\/\/www.viajamenorca.com\/fr\/wp-json\/wp\/v2\/types\/page"}],"author":[{"embeddable":true,"href":"https:\/\/www.viajamenorca.com\/fr\/wp-json\/wp\/v2\/users\/1"}],"replies":[{"embeddable":true,"href":"https:\/\/www.viajamenorca.com\/fr\/wp-json\/wp\/v2\/comments?post=56386"}],"version-history":[{"count":1,"href":"https:\/\/www.viajamenorca.com\/fr\/wp-json\/wp\/v2\/pages\/56386\/revisions"}],"predecessor-version":[{"id":56388,"href":"https:\/\/www.viajamenorca.com\/fr\/wp-json\/wp\/v2\/pages\/56386\/revisions\/56388"}],"up":[{"embeddable":true,"href":"https:\/\/www.viajamenorca.com\/fr\/wp-json\/wp\/v2\/pages\/53187"}],"wp:attachment":[{"href":"https:\/\/www.viajamenorca.com\/fr\/wp-json\/wp\/v2\/media?parent=56386"}],"curies":[{"name":"wp","href":"https:\/\/api.w.org\/{rel}","templated":true}]}}