{"id":61167,"date":"2022-06-05T20:12:49","date_gmt":"2022-06-05T20:12:49","guid":{"rendered":"https:\/\/www.viajamenorca.com\/contact\/nuestra-mision\/"},"modified":"2026-03-05T00:26:43","modified_gmt":"2026-03-05T00:26:43","slug":"notre-mission","status":"publish","type":"page","link":"https:\/\/www.viajamenorca.com\/fr\/contact\/notre-mission\/","title":{"rendered":"Qui sommes-nous? \u2013 Notre mission"},"content":{"rendered":"\n<h3><span style=\"font-size: 14pt;\">Ce site web est \u00e9dit\u00e9 et con\u00e7u par Toni Espinosa Meli\u00e0, un enfant de Minorque amoureux de sa terre, chauffeur de taxi de profession et passionn\u00e9 de photographie et de design web.<\/span><\/h3>\n<figure id=\"attachment_32070\" aria-describedby=\"caption-attachment-32070\" style=\"width: 365px\" class=\"wp-caption alignright\"><a href=\"https:\/\/www.viajamenorca.com\/wp-content\/uploads\/2024\/02\/IMG_20230628_122513-scaled.jpg\"><img decoding=\"async\" class=\"wp-image-32070\" title=\"Taxi n\u00ba1 Es Mercadal (foto Cala en Porter)\" src=\"https:\/\/www.viajamenorca.com\/wp-content\/uploads\/2024\/02\/IMG_20230628_122513-1024x536.jpg\" alt=\"Nuestra misi\u00f3n\" width=\"375\" height=\"196\" srcset=\"https:\/\/www.viajamenorca.com\/wp-content\/uploads\/2024\/02\/IMG_20230628_122513-1024x536.jpg 1024w, https:\/\/www.viajamenorca.com\/wp-content\/uploads\/2024\/02\/IMG_20230628_122513-350x183.jpg 350w, https:\/\/www.viajamenorca.com\/wp-content\/uploads\/2024\/02\/IMG_20230628_122513-768x402.jpg 768w, https:\/\/www.viajamenorca.com\/wp-content\/uploads\/2024\/02\/IMG_20230628_122513-1536x805.jpg 1536w, https:\/\/www.viajamenorca.com\/wp-content\/uploads\/2024\/02\/IMG_20230628_122513-2048x1073.jpg 2048w\" sizes=\"(max-width: 375px) 100vw, 375px\" \/><\/a><figcaption id=\"caption-attachment-32070\" class=\"wp-caption-text\">Photo : Taxi n\u00b01 Es Mercadal \u2013\u00a0<a href=\"https:\/\/www.viajamenorca.com\/fr\/guide-touristique\/plages-et-criques\/cote-sud\/plage-de-cala-en-porter\/\"><strong>Cala en Porter<\/strong><\/a><\/figcaption><\/figure>\n<h3><span style=\"font-size: 14pt;\"><\/span><\/h3>\n<h2><span style=\"font-size: 18pt;\">Pr\u00e9sentation<\/span><\/h2>\n<p>Ma passion pour la photographie et le design est n\u00e9e gr\u00e2ce \u00e0 un grand ami et mentor (Michel de \u00ab Ca n\u2019Internet \u00bb, R.I.P.), avec qui je me suis initi\u00e9 au monde de l&rsquo;image et de la cr\u00e9ation de sites internet. J&rsquo;ai publi\u00e9 mon premier site en 2003, <a href=\"https:\/\/www.esmercadal.com\" target=\"_blank\" rel=\"nofollow noopener\"><strong>www.esmercadal.com<\/strong><\/a>, qui proposait une visite virtuelle du village d&rsquo;Es Mercadal \u00e0 travers des photographies panoramiques \u00e0 360\u00b0.<\/p>\n<p>En 2005, nous avons lanc\u00e9 la premi\u00e8re visite virtuelle de Minorque (Menorca360), deux ans avant la naissance du c\u00e9l\u00e8bre <a href=\"https:\/\/www.google.es\/intl\/es\/streetview\/\"><strong>Google Street View<\/strong><\/a> que nous utilisons tous aujourd&rsquo;hui sur nos t\u00e9l\u00e9phones. En 2016, inspir\u00e9 par mon ancien travail photographique et mon amour profond pour l&rsquo;\u00eele, j&rsquo;ai donn\u00e9 vie \u00e0 un nouveau projet : la cr\u00e9ation de <a href=\"https:\/\/www.viajamenorca.com\/fr\/\"><strong>www.viajamenorca.com<\/strong><\/a>, une plateforme touristique con\u00e7ue pour faire rayonner les charmes de Minorque dans le monde entier.<\/p>\n<h2><span style=\"font-size: 18pt;\">Guide touristique<\/span><\/h2>\n<p>\u00c0 travers ce guide, je partage mes photographies et mes connaissances de l&rsquo;\u00eele. C&rsquo;est un travail passionnant qui m&rsquo;a permis de red\u00e9couvrir des plages paradisiaques, des criques cach\u00e9es, une histoire mill\u00e9naire et un patrimoine d&rsquo;une grande richesse. Je parcours constamment chaque recoin de Minorque au volant de mon <a href=\"https:\/\/www.viajamenorca.com\/fr\/guide-touristique\/transport\/taxis-tarifs-et-services\/\"><strong>taxi<\/strong><\/a>, ce qui me permet d&rsquo;\u00e9changer avec les touristes et les visiteurs, de leur offrir des informations actualis\u00e9es et de r\u00e9pondre \u00e0 leurs questions, enrichissant ainsi mon exp\u00e9rience et mon lien avec cette \u00eele magnifique.<\/p>\n<h2><span style=\"font-size: 18pt;\">R\u00e9seaux sociaux<\/span><\/h2>\n<p>J&rsquo;administre \u00e9galement plusieurs groupes sur les r\u00e9seaux sociaux, dont les plus importants sont: <a href=\"https:\/\/www.facebook.com\/groups\/menorca.isla.bonita\" target=\"_blank\" rel=\"nofollow noopener\"><strong>Menorca isla bonita<\/strong><\/a> et <a href=\"https:\/\/www.facebook.com\/groups\/playas.calas.menorca\" target=\"_blank\" rel=\"nofollow noopener\"><strong>Playas y calas de Menorca<\/strong><\/a>, Ces espaces m&rsquo;ont permis de rencontrer de nombreuses personnes passionn\u00e9es par Minorque et la photographie, <a href=\"https:\/\/www.viajamenorca.com\/colaboraciones\/\"><strong>certaines d&rsquo;entre elles collaborent d&rsquo;ailleurs<\/strong><\/a> activement au groupe et au site web.<\/p>\n<h2><span style=\"font-size: 18pt;\">Notre mission<\/span><\/h2>\n<p>\u00ab La mission de ce site est de partager notre amour et notre passion pour Minorque, en diffusant son art, sa culture, sa gastronomie et son patrimoine. Nous souhaitons \u00e9galement promouvoir les valeurs environnementales qui nous caract\u00e9risent, en fournissant des informations utiles et actualis\u00e9es, tant pour les r\u00e9sidents que pour les touristes. Notre objectif est de vous accompagner dans l&rsquo;organisation de votre voyage ou de vos excursions en regroupant toutes les informations essentielles en un seul endroit. \u00bb<\/p>\n<h2><span style=\"font-size: 18pt;\">Collaborez avec nous<\/span><\/h2>\n<p>Si vous le souhaitez, vous pouvez \ud83d\udc49 <a href=\"https:\/\/www.viajamenorca.com\/colaboraciones\/\"><strong>collaborer<\/strong><\/a> avec le site de la mani\u00e8re qui vous convient (en apportant du contenu, des informations \u00e0 jour, etc.). Vous pouvez \u00e9galement participer via nos r\u00e9seaux sociaux et nos groupes Facebook:\u00a0<a title=\"Menorca isla Bonita\" href=\"https:\/\/www.facebook.com\/groups\/menorca.isla.bonita\/\" target=\"_blank\" rel=\"nofollow noopener\"><strong>Isla Bonita<\/strong><\/a>, et <a title=\"Playas y calas en Facebook\" href=\"https:\/\/www.facebook.com\/groups\/playas.calas.menorca\/\" target=\"_blank\" rel=\"nofollow noopener\"><strong>Playas y calas<\/strong><\/a>. N&rsquo;h\u00e9sitez pas non plus \u00e0 nous \u00e9crire via la section <a href=\"https:\/\/www.viajamenorca.com\/fr\/contact\/\"><strong>contact<\/strong><\/a>.<\/p>\n","protected":false},"excerpt":{"rendered":"<p>Ce site web est \u00e9dit\u00e9 et con\u00e7u par Toni Espinosa Meli\u00e0, un enfant de Minorque amoureux de sa terre, chauffeur de taxi de profession et passionn\u00e9 de photographie et de &#8230; <\/p>\n<p class=\"read-more-container\"><a title=\"Qui sommes-nous? \u2013 Notre mission\" class=\"read-more button\" href=\"https:\/\/www.viajamenorca.com\/fr\/contact\/notre-mission\/#more-61167\" aria-label=\"En savoir plus sur Qui sommes-nous? \u2013 Notre mission\">Lire plus<\/a><\/p>\n","protected":false},"author":1,"featured_media":61169,"parent":58423,"menu_order":0,"comment_status":"closed","ping_status":"closed","template":"","meta":{"_acf_changed":false,"footnotes":""},"class_list":{"0":"post-61167","1":"page","2":"type-page","3":"status-publish","4":"has-post-thumbnail","6":"resize-featured-image"},"acf":[],"yoast_head":"<!-- This site is optimized with the Yoast SEO plugin v27.4 - https:\/\/yoast.com\/product\/yoast-seo-wordpress\/ -->\n<title>Qui sommes-nous? \u2013 Notre mission - Viaja a Menorca<\/title>\n<meta name=\"description\" content=\"Ce site web est \u00e9dit\u00e9 et con\u00e7u par Toni un enfant de Minorque amoureux de sa terre, chauffeur de taxi de profession et passionn\u00e9 de photograp\" \/>\n<meta name=\"robots\" content=\"index, follow, max-snippet:-1, max-image-preview:large, max-video-preview:-1\" \/>\n<link rel=\"canonical\" href=\"https:\/\/www.viajamenorca.com\/fr\/contact\/notre-mission\/\" \/>\n<meta property=\"og:locale\" content=\"fr_FR\" \/>\n<meta property=\"og:type\" content=\"article\" \/>\n<meta property=\"og:title\" content=\"Qui sommes-nous? \u2013 Notre mission - Viaja a Menorca\" \/>\n<meta property=\"og:description\" content=\"Ce site web est \u00e9dit\u00e9 et con\u00e7u par Toni un enfant de Minorque amoureux de sa terre, chauffeur de taxi de profession et passionn\u00e9 de photograp\" \/>\n<meta property=\"og:url\" content=\"https:\/\/www.viajamenorca.com\/fr\/contact\/notre-mission\/\" \/>\n<meta property=\"og:site_name\" content=\"Viaja a Menorca\" \/>\n<meta property=\"article:publisher\" content=\"https:\/\/www.facebook.com\/ViajaMenorca\/\" \/>\n<meta property=\"article:modified_time\" content=\"2026-03-05T00:26:43+00:00\" \/>\n<meta property=\"og:image\" content=\"https:\/\/www.viajamenorca.com\/wp-content\/uploads\/2024\/02\/IMG_20230628_122513-scaled.jpg\" \/>\n\t<meta property=\"og:image:width\" content=\"2560\" \/>\n\t<meta property=\"og:image:height\" content=\"1341\" \/>\n\t<meta property=\"og:image:type\" content=\"image\/jpeg\" \/>\n<meta name=\"twitter:card\" content=\"summary_large_image\" \/>\n<meta name=\"twitter:site\" content=\"@ViajaMenorca\" \/>\n<meta name=\"twitter:label1\" content=\"Dur\u00e9e de lecture estim\u00e9e\" \/>\n\t<meta name=\"twitter:data1\" content=\"3 minutes\" \/>\n<script type=\"application\/ld+json\" class=\"yoast-schema-graph\">{\"@context\":\"https:\\\/\\\/schema.org\",\"@graph\":[{\"@type\":\"WebPage\",\"@id\":\"https:\\\/\\\/www.viajamenorca.com\\\/fr\\\/contact\\\/notre-mission\\\/\",\"url\":\"https:\\\/\\\/www.viajamenorca.com\\\/fr\\\/contact\\\/notre-mission\\\/\",\"name\":\"Qui sommes-nous? \u2013 Notre mission - Viaja a Menorca\",\"isPartOf\":{\"@id\":\"https:\\\/\\\/www.viajamenorca.com\\\/fr\\\/#website\"},\"primaryImageOfPage\":{\"@id\":\"https:\\\/\\\/www.viajamenorca.com\\\/fr\\\/contact\\\/notre-mission\\\/#primaryimage\"},\"image\":{\"@id\":\"https:\\\/\\\/www.viajamenorca.com\\\/fr\\\/contact\\\/notre-mission\\\/#primaryimage\"},\"thumbnailUrl\":\"https:\\\/\\\/www.viajamenorca.com\\\/wp-content\\\/uploads\\\/2024\\\/02\\\/IMG_20230628_122513-scaled.jpg\",\"datePublished\":\"2022-06-05T20:12:49+00:00\",\"dateModified\":\"2026-03-05T00:26:43+00:00\",\"description\":\"Ce site web est \u00e9dit\u00e9 et con\u00e7u par Toni un enfant de Minorque amoureux de sa terre, chauffeur de taxi de profession et passionn\u00e9 de photograp\",\"breadcrumb\":{\"@id\":\"https:\\\/\\\/www.viajamenorca.com\\\/fr\\\/contact\\\/notre-mission\\\/#breadcrumb\"},\"inLanguage\":\"fr-FR\",\"potentialAction\":[{\"@type\":\"ReadAction\",\"target\":[\"https:\\\/\\\/www.viajamenorca.com\\\/fr\\\/contact\\\/notre-mission\\\/\"]}]},{\"@type\":\"ImageObject\",\"inLanguage\":\"fr-FR\",\"@id\":\"https:\\\/\\\/www.viajamenorca.com\\\/fr\\\/contact\\\/notre-mission\\\/#primaryimage\",\"url\":\"https:\\\/\\\/www.viajamenorca.com\\\/wp-content\\\/uploads\\\/2024\\\/02\\\/IMG_20230628_122513-scaled.jpg\",\"contentUrl\":\"https:\\\/\\\/www.viajamenorca.com\\\/wp-content\\\/uploads\\\/2024\\\/02\\\/IMG_20230628_122513-scaled.jpg\",\"width\":2560,\"height\":1341},{\"@type\":\"BreadcrumbList\",\"@id\":\"https:\\\/\\\/www.viajamenorca.com\\\/fr\\\/contact\\\/notre-mission\\\/#breadcrumb\",\"itemListElement\":[{\"@type\":\"ListItem\",\"position\":1,\"name\":\"Contact\",\"item\":\"https:\\\/\\\/www.viajamenorca.com\\\/fr\\\/contact\\\/\"},{\"@type\":\"ListItem\",\"position\":2,\"name\":\"Presentaci\u00f3n\"}]},{\"@type\":\"WebSite\",\"@id\":\"https:\\\/\\\/www.viajamenorca.com\\\/fr\\\/#website\",\"url\":\"https:\\\/\\\/www.viajamenorca.com\\\/fr\\\/\",\"name\":\"Viaja a Menorca\",\"description\":\"Votre aventure minorquine commence ici !\",\"publisher\":{\"@id\":\"https:\\\/\\\/www.viajamenorca.com\\\/fr\\\/#organization\"},\"alternateName\":\"Gu\u00eda tur\u00edstica de Menorca\",\"potentialAction\":[{\"@type\":\"SearchAction\",\"target\":{\"@type\":\"EntryPoint\",\"urlTemplate\":\"https:\\\/\\\/www.viajamenorca.com\\\/fr\\\/?s={search_term_string}\"},\"query-input\":{\"@type\":\"PropertyValueSpecification\",\"valueRequired\":true,\"valueName\":\"search_term_string\"}}],\"inLanguage\":\"fr-FR\"},{\"@type\":\"Organization\",\"@id\":\"https:\\\/\\\/www.viajamenorca.com\\\/fr\\\/#organization\",\"name\":\"Viaja a Menorca - Gu\u00eda tur\u00edstica\",\"alternateName\":\"Viaja a Menorca\",\"url\":\"https:\\\/\\\/www.viajamenorca.com\\\/fr\\\/\",\"logo\":{\"@type\":\"ImageObject\",\"inLanguage\":\"fr-FR\",\"@id\":\"https:\\\/\\\/www.viajamenorca.com\\\/fr\\\/#\\\/schema\\\/logo\\\/image\\\/\",\"url\":\"https:\\\/\\\/www.viajamenorca.com\\\/wp-content\\\/uploads\\\/2021\\\/11\\\/viajamenorca.jpg\",\"contentUrl\":\"https:\\\/\\\/www.viajamenorca.com\\\/wp-content\\\/uploads\\\/2021\\\/11\\\/viajamenorca.jpg\",\"width\":714,\"height\":714,\"caption\":\"Viaja a Menorca - Gu\u00eda tur\u00edstica\"},\"image\":{\"@id\":\"https:\\\/\\\/www.viajamenorca.com\\\/fr\\\/#\\\/schema\\\/logo\\\/image\\\/\"},\"sameAs\":[\"https:\\\/\\\/www.facebook.com\\\/ViajaMenorca\\\/\",\"https:\\\/\\\/x.com\\\/ViajaMenorca\",\"https:\\\/\\\/www.instagram.com\\\/viaja_menorca\\\/?hl=es\",\"https:\\\/\\\/www.youtube.com\\\/channel\\\/UCWtpR3jxp79HeZ8zZfHLhXw\"]}]}<\/script>\n<!-- \/ Yoast SEO plugin. -->","yoast_head_json":{"title":"Qui sommes-nous? \u2013 Notre mission - Viaja a Menorca","description":"Ce site web est \u00e9dit\u00e9 et con\u00e7u par Toni un enfant de Minorque amoureux de sa terre, chauffeur de taxi de profession et passionn\u00e9 de photograp","robots":{"index":"index","follow":"follow","max-snippet":"max-snippet:-1","max-image-preview":"max-image-preview:large","max-video-preview":"max-video-preview:-1"},"canonical":"https:\/\/www.viajamenorca.com\/fr\/contact\/notre-mission\/","og_locale":"fr_FR","og_type":"article","og_title":"Qui sommes-nous? \u2013 Notre mission - Viaja a Menorca","og_description":"Ce site web est \u00e9dit\u00e9 et con\u00e7u par Toni un enfant de Minorque amoureux de sa terre, chauffeur de taxi de profession et passionn\u00e9 de photograp","og_url":"https:\/\/www.viajamenorca.com\/fr\/contact\/notre-mission\/","og_site_name":"Viaja a Menorca","article_publisher":"https:\/\/www.facebook.com\/ViajaMenorca\/","article_modified_time":"2026-03-05T00:26:43+00:00","og_image":[{"width":2560,"height":1341,"url":"https:\/\/www.viajamenorca.com\/wp-content\/uploads\/2024\/02\/IMG_20230628_122513-scaled.jpg","type":"image\/jpeg"}],"twitter_card":"summary_large_image","twitter_site":"@ViajaMenorca","twitter_misc":{"Dur\u00e9e de lecture estim\u00e9e":"3 minutes"},"schema":{"@context":"https:\/\/schema.org","@graph":[{"@type":"WebPage","@id":"https:\/\/www.viajamenorca.com\/fr\/contact\/notre-mission\/","url":"https:\/\/www.viajamenorca.com\/fr\/contact\/notre-mission\/","name":"Qui sommes-nous? \u2013 Notre mission - Viaja a Menorca","isPartOf":{"@id":"https:\/\/www.viajamenorca.com\/fr\/#website"},"primaryImageOfPage":{"@id":"https:\/\/www.viajamenorca.com\/fr\/contact\/notre-mission\/#primaryimage"},"image":{"@id":"https:\/\/www.viajamenorca.com\/fr\/contact\/notre-mission\/#primaryimage"},"thumbnailUrl":"https:\/\/www.viajamenorca.com\/wp-content\/uploads\/2024\/02\/IMG_20230628_122513-scaled.jpg","datePublished":"2022-06-05T20:12:49+00:00","dateModified":"2026-03-05T00:26:43+00:00","description":"Ce site web est \u00e9dit\u00e9 et con\u00e7u par Toni un enfant de Minorque amoureux de sa terre, chauffeur de taxi de profession et passionn\u00e9 de photograp","breadcrumb":{"@id":"https:\/\/www.viajamenorca.com\/fr\/contact\/notre-mission\/#breadcrumb"},"inLanguage":"fr-FR","potentialAction":[{"@type":"ReadAction","target":["https:\/\/www.viajamenorca.com\/fr\/contact\/notre-mission\/"]}]},{"@type":"ImageObject","inLanguage":"fr-FR","@id":"https:\/\/www.viajamenorca.com\/fr\/contact\/notre-mission\/#primaryimage","url":"https:\/\/www.viajamenorca.com\/wp-content\/uploads\/2024\/02\/IMG_20230628_122513-scaled.jpg","contentUrl":"https:\/\/www.viajamenorca.com\/wp-content\/uploads\/2024\/02\/IMG_20230628_122513-scaled.jpg","width":2560,"height":1341},{"@type":"BreadcrumbList","@id":"https:\/\/www.viajamenorca.com\/fr\/contact\/notre-mission\/#breadcrumb","itemListElement":[{"@type":"ListItem","position":1,"name":"Contact","item":"https:\/\/www.viajamenorca.com\/fr\/contact\/"},{"@type":"ListItem","position":2,"name":"Presentaci\u00f3n"}]},{"@type":"WebSite","@id":"https:\/\/www.viajamenorca.com\/fr\/#website","url":"https:\/\/www.viajamenorca.com\/fr\/","name":"Viaja a Menorca","description":"Votre aventure minorquine commence ici !","publisher":{"@id":"https:\/\/www.viajamenorca.com\/fr\/#organization"},"alternateName":"Gu\u00eda tur\u00edstica de Menorca","potentialAction":[{"@type":"SearchAction","target":{"@type":"EntryPoint","urlTemplate":"https:\/\/www.viajamenorca.com\/fr\/?s={search_term_string}"},"query-input":{"@type":"PropertyValueSpecification","valueRequired":true,"valueName":"search_term_string"}}],"inLanguage":"fr-FR"},{"@type":"Organization","@id":"https:\/\/www.viajamenorca.com\/fr\/#organization","name":"Viaja a Menorca - Gu\u00eda tur\u00edstica","alternateName":"Viaja a Menorca","url":"https:\/\/www.viajamenorca.com\/fr\/","logo":{"@type":"ImageObject","inLanguage":"fr-FR","@id":"https:\/\/www.viajamenorca.com\/fr\/#\/schema\/logo\/image\/","url":"https:\/\/www.viajamenorca.com\/wp-content\/uploads\/2021\/11\/viajamenorca.jpg","contentUrl":"https:\/\/www.viajamenorca.com\/wp-content\/uploads\/2021\/11\/viajamenorca.jpg","width":714,"height":714,"caption":"Viaja a Menorca - Gu\u00eda tur\u00edstica"},"image":{"@id":"https:\/\/www.viajamenorca.com\/fr\/#\/schema\/logo\/image\/"},"sameAs":["https:\/\/www.facebook.com\/ViajaMenorca\/","https:\/\/x.com\/ViajaMenorca","https:\/\/www.instagram.com\/viaja_menorca\/?hl=es","https:\/\/www.youtube.com\/channel\/UCWtpR3jxp79HeZ8zZfHLhXw"]}]}},"_links":{"self":[{"href":"https:\/\/www.viajamenorca.com\/fr\/wp-json\/wp\/v2\/pages\/61167","targetHints":{"allow":["GET"]}}],"collection":[{"href":"https:\/\/www.viajamenorca.com\/fr\/wp-json\/wp\/v2\/pages"}],"about":[{"href":"https:\/\/www.viajamenorca.com\/fr\/wp-json\/wp\/v2\/types\/page"}],"author":[{"embeddable":true,"href":"https:\/\/www.viajamenorca.com\/fr\/wp-json\/wp\/v2\/users\/1"}],"replies":[{"embeddable":true,"href":"https:\/\/www.viajamenorca.com\/fr\/wp-json\/wp\/v2\/comments?post=61167"}],"version-history":[{"count":7,"href":"https:\/\/www.viajamenorca.com\/fr\/wp-json\/wp\/v2\/pages\/61167\/revisions"}],"predecessor-version":[{"id":61794,"href":"https:\/\/www.viajamenorca.com\/fr\/wp-json\/wp\/v2\/pages\/61167\/revisions\/61794"}],"up":[{"embeddable":true,"href":"https:\/\/www.viajamenorca.com\/fr\/wp-json\/wp\/v2\/pages\/58423"}],"wp:featuredmedia":[{"embeddable":true,"href":"https:\/\/www.viajamenorca.com\/fr\/wp-json\/wp\/v2\/media\/61169"}],"wp:attachment":[{"href":"https:\/\/www.viajamenorca.com\/fr\/wp-json\/wp\/v2\/media?parent=61167"}],"curies":[{"name":"wp","href":"https:\/\/api.w.org\/{rel}","templated":true}]}}