{"id":56382,"date":"2024-04-08T18:25:53","date_gmt":"2024-04-08T18:25:53","guid":{"rendered":"https:\/\/www.viajamenorca.com\/guida-turistica\/spiagge-e-calette\/ricerca\/"},"modified":"2026-02-27T13:55:59","modified_gmt":"2026-02-27T13:55:59","slug":"ricerca","status":"publish","type":"page","link":"https:\/\/www.viajamenorca.com\/it\/guida-turistica\/spiagge-e-calette\/ricerca\/","title":{"rendered":"ricerca"},"content":{"rendered":"<div class=\"search-filter-query search-filter-query--id-2\">\t\n\t\ud83d\udd0e Total: 109 \ud83d\udcca<br \/>\n\t\ud83d\udcc4 1 \/ 11<br \/>\n\t\n\t<div class=\"pagination\">\n\t\t\n\t\t<div class=\"nav-previous\"><\/div>\n\t\t<div class=\"nav-next\"><\/div>\n\t\t\t<\/div>\n\t<div class=\"search-filter-query-posts\">\n\t\t\t\t\t<div class=\"search-result-item\">\n\t\t\t    \n\t\t\t    <div class=\"post-thumbnail-wrap\"><a href=\"https:\/\/www.viajamenorca.com\/it\/guida-turistica\/spiagge-e-calette\/spiagge-per-nudisti\/\"><img decoding=\"async\" width=\"1024\" height=\"428\" src=\"https:\/\/www.viajamenorca.com\/wp-content\/uploads\/2019\/02\/20180507_154122-1024x428.jpg\" class=\"attachment-large size-large wp-post-image\" alt=\"Cala Macarella\" srcset=\"https:\/\/www.viajamenorca.com\/wp-content\/uploads\/2019\/02\/20180507_154122-1024x428.jpg 1024w, https:\/\/www.viajamenorca.com\/wp-content\/uploads\/2019\/02\/20180507_154122-300x125.jpg 300w, https:\/\/www.viajamenorca.com\/wp-content\/uploads\/2019\/02\/20180507_154122-768x321.jpg 768w, https:\/\/www.viajamenorca.com\/wp-content\/uploads\/2019\/02\/20180507_154122-1536x642.jpg 1536w, https:\/\/www.viajamenorca.com\/wp-content\/uploads\/2019\/02\/20180507_154122-2048x855.jpg 2048w, https:\/\/www.viajamenorca.com\/wp-content\/uploads\/2019\/02\/20180507_154122-110x46.jpg 110w, https:\/\/www.viajamenorca.com\/wp-content\/uploads\/2019\/02\/20180507_154122-420x175.jpg 420w, https:\/\/www.viajamenorca.com\/wp-content\/uploads\/2019\/02\/20180507_154122-770x322.jpg 770w\" sizes=\"(max-width: 1024px) 100vw, 1024px\" \/><\/a><\/div>\t\t\t    \n\t\t\t    <h2>\n\t\t\t\t    <a href=\"https:\/\/www.viajamenorca.com\/it\/guida-turistica\/spiagge-e-calette\/spiagge-per-nudisti\/\">\n\t\t\t\t        Spiagge per nudisti\t\t\t\t    <\/a>\n\t\t\t\t<\/h2>\n\t\t\t\t\n\t\t\t    \t\t\t\t<p class=\"post-excerpt\"><p>L&#8217;isola \u00e8 anche una destinazione popolare per i nudisti, con diverse spiagge dove il nudismo \u00e8 consentito. Spiagge dove \u00e8 possibile praticare il nudismo a Minorca Una delle spiagge pi\u00f9 &#8230; <\/p>\n<p class=\"read-more-container\"><a title=\"Spiagge per nudisti\" class=\"read-more button\" href=\"https:\/\/www.viajamenorca.com\/it\/guida-turistica\/spiagge-e-calette\/spiagge-per-nudisti\/#more-52682\" aria-label=\"Per saperne di pi\u00f9 su Spiagge per nudisti\">Leggi tutto<\/a><\/p>\n<\/p>\n\t\t\t\t\n\t\t\t<\/div>\n\t\t\t<hr \/>\n\t\t\t\t\t\t<div class=\"search-result-item\">\n\t\t\t    \n\t\t\t    <div class=\"post-thumbnail-wrap\"><a href=\"https:\/\/www.viajamenorca.com\/it\/cosa-fare-a-minorca\/fiere-e-mercati\/calendario-dei-mercati-artigianali-e-agroalimentari\/\"><img decoding=\"async\" width=\"1024\" height=\"635\" src=\"https:\/\/www.viajamenorca.com\/wp-content\/uploads\/2020\/07\/IMG_20220210_125447_1-1024x635.jpg\" class=\"attachment-large size-large wp-post-image\" alt=\"\" srcset=\"https:\/\/www.viajamenorca.com\/wp-content\/uploads\/2020\/07\/IMG_20220210_125447_1-1024x635.jpg 1024w, https:\/\/www.viajamenorca.com\/wp-content\/uploads\/2020\/07\/IMG_20220210_125447_1-350x217.jpg 350w, https:\/\/www.viajamenorca.com\/wp-content\/uploads\/2020\/07\/IMG_20220210_125447_1-768x476.jpg 768w, https:\/\/www.viajamenorca.com\/wp-content\/uploads\/2020\/07\/IMG_20220210_125447_1-1536x953.jpg 1536w, https:\/\/www.viajamenorca.com\/wp-content\/uploads\/2020\/07\/IMG_20220210_125447_1-2048x1270.jpg 2048w\" sizes=\"(max-width: 1024px) 100vw, 1024px\" \/><\/a><\/div>\t\t\t    \n\t\t\t    <h2>\n\t\t\t\t    <a href=\"https:\/\/www.viajamenorca.com\/it\/cosa-fare-a-minorca\/fiere-e-mercati\/calendario-dei-mercati-artigianali-e-agroalimentari\/\">\n\t\t\t\t        Calendario dei mercati artigianali e agroalimentari\t\t\t\t    <\/a>\n\t\t\t\t<\/h2>\n\t\t\t\t\n\t\t\t    \t\t\t\t<p class=\"post-excerpt\"><p>Durante tutto l&#8217;anno, soprattutto nei mesi estivi, vengono organizzati numerosi mercati e mercatini in tutte le citt\u00e0 e i villaggi dell&#8217;isola e in alcuni centri urbani costieri. Minorca: i prodotti &#8230; <\/p>\n<p class=\"read-more-container\"><a title=\"Calendario dei mercati artigianali e agroalimentari\" class=\"read-more button\" href=\"https:\/\/www.viajamenorca.com\/it\/cosa-fare-a-minorca\/fiere-e-mercati\/calendario-dei-mercati-artigianali-e-agroalimentari\/#more-52688\" aria-label=\"Per saperne di pi\u00f9 su Calendario dei mercati artigianali e agroalimentari\">Leggi tutto<\/a><\/p>\n<\/p>\n\t\t\t\t\n\t\t\t<\/div>\n\t\t\t<hr \/>\n\t\t\t\t\t\t<div class=\"search-result-item\">\n\t\t\t    \n\t\t\t    <div class=\"post-thumbnail-wrap\"><a href=\"https:\/\/www.viajamenorca.com\/it\/cosa-fare-a-minorca\/fiere-e-mercati\/calendario-delle-fiere\/\"><img decoding=\"async\" width=\"1024\" height=\"826\" src=\"https:\/\/www.viajamenorca.com\/wp-content\/uploads\/2019\/03\/DSCN5407-e1553794115299-1024x826.jpg\" class=\"attachment-large size-large wp-post-image\" alt=\"\" srcset=\"https:\/\/www.viajamenorca.com\/wp-content\/uploads\/2019\/03\/DSCN5407-e1553794115299-1024x826.jpg 1024w, https:\/\/www.viajamenorca.com\/wp-content\/uploads\/2019\/03\/DSCN5407-e1553794115299-300x242.jpg 300w, https:\/\/www.viajamenorca.com\/wp-content\/uploads\/2019\/03\/DSCN5407-e1553794115299-768x619.jpg 768w, https:\/\/www.viajamenorca.com\/wp-content\/uploads\/2019\/03\/DSCN5407-e1553794115299-110x89.jpg 110w, https:\/\/www.viajamenorca.com\/wp-content\/uploads\/2019\/03\/DSCN5407-e1553794115299-420x339.jpg 420w, https:\/\/www.viajamenorca.com\/wp-content\/uploads\/2019\/03\/DSCN5407-e1553794115299-533x430.jpg 533w, https:\/\/www.viajamenorca.com\/wp-content\/uploads\/2019\/03\/DSCN5407-e1553794115299.jpg 1920w\" sizes=\"(max-width: 1024px) 100vw, 1024px\" \/><\/a><\/div>\t\t\t    \n\t\t\t    <h2>\n\t\t\t\t    <a href=\"https:\/\/www.viajamenorca.com\/it\/cosa-fare-a-minorca\/fiere-e-mercati\/calendario-delle-fiere\/\">\n\t\t\t\t        Calendario delle fiere\t\t\t\t    <\/a>\n\t\t\t\t<\/h2>\n\t\t\t\t\n\t\t\t    \t\t\t\t<p class=\"post-excerpt\"><p>Numerose fiere si tengono durante l&#8217;anno in tutte le zone dell&#8217;isola. Tradizione, gastronomia e cultura A Minorca c&#8217;\u00e8 una grande attivit\u00e0 fieristica, con numerosi eventi programmati durante tutto l&#8217;anno e &#8230; <\/p>\n<p class=\"read-more-container\"><a title=\"Calendario delle fiere\" class=\"read-more button\" href=\"https:\/\/www.viajamenorca.com\/it\/cosa-fare-a-minorca\/fiere-e-mercati\/calendario-delle-fiere\/#more-52696\" aria-label=\"Per saperne di pi\u00f9 su Calendario delle fiere\">Leggi tutto<\/a><\/p>\n<\/p>\n\t\t\t\t\n\t\t\t<\/div>\n\t\t\t<hr \/>\n\t\t\t\t\t\t<div class=\"search-result-item\">\n\t\t\t    \n\t\t\t    <div class=\"post-thumbnail-wrap\"><a href=\"https:\/\/www.viajamenorca.com\/it\/cosa-fare-a-minorca\/fiere-e-mercati\/\"><img decoding=\"async\" width=\"768\" height=\"1024\" src=\"https:\/\/www.viajamenorca.com\/wp-content\/uploads\/2017\/02\/mercado_artesanal-768x1024.jpg\" class=\"attachment-large size-large wp-post-image\" alt=\"Fiere e mercati\" \/><\/a><\/div>\t\t\t    \n\t\t\t    <h2>\n\t\t\t\t    <a href=\"https:\/\/www.viajamenorca.com\/it\/cosa-fare-a-minorca\/fiere-e-mercati\/\">\n\t\t\t\t        Fiere e mercati\t\t\t\t    <\/a>\n\t\t\t\t<\/h2>\n\t\t\t\t\n\t\t\t    \t\t\t\t<p class=\"post-excerpt\"><p>Durante tutto l&#8217;anno,in tutti i villaggi dell&#8217;isola si tengono diverse fiere e mercati artigianali , soprattutto nei mesi estivi. Minorca, i prodotti di Minorca Questi eventi sono perfetti per conoscere &#8230; <\/p>\n<p class=\"read-more-container\"><a title=\"Fiere e mercati\" class=\"read-more button\" href=\"https:\/\/www.viajamenorca.com\/it\/cosa-fare-a-minorca\/fiere-e-mercati\/#more-52744\" aria-label=\"Per saperne di pi\u00f9 su Fiere e mercati\">Leggi tutto<\/a><\/p>\n<\/p>\n\t\t\t\t\n\t\t\t<\/div>\n\t\t\t<hr \/>\n\t\t\t\t\t\t<div class=\"search-result-item\">\n\t\t\t    \n\t\t\t    <div class=\"post-thumbnail-wrap\"><a href=\"https:\/\/www.viajamenorca.com\/it\/guida-turistica\/mappa-%f0%9f%93%8c-percorsi-e-itinerari\/\"><img decoding=\"async\" width=\"768\" height=\"574\" src=\"https:\/\/www.viajamenorca.com\/wp-content\/uploads\/2018\/11\/Mapa-de-Menorca-Rutas-e-itinerarios-de-interes-e1624551630280.png\" class=\"attachment-large size-large wp-post-image\" alt=\"\" srcset=\"https:\/\/www.viajamenorca.com\/wp-content\/uploads\/2018\/11\/Mapa-de-Menorca-Rutas-e-itinerarios-de-interes-e1624551630280.png 768w, https:\/\/www.viajamenorca.com\/wp-content\/uploads\/2018\/11\/Mapa-de-Menorca-Rutas-e-itinerarios-de-interes-e1624551630280-300x224.png 300w\" sizes=\"(max-width: 768px) 100vw, 768px\" \/><\/a><\/div>\t\t\t    \n\t\t\t    <h2>\n\t\t\t\t    <a href=\"https:\/\/www.viajamenorca.com\/it\/guida-turistica\/mappa-%f0%9f%93%8c-percorsi-e-itinerari\/\">\n\t\t\t\t        Mappa \ud83d\udccc Percorsi e itinerari\t\t\t\t    <\/a>\n\t\t\t\t<\/h2>\n\t\t\t\t\n\t\t\t    \t\t\t\t<p class=\"post-excerpt\"><p>Abbiamo raccolto in questa mappa tutti i percorsi e gli itinerari di interesse dell&#8217;isola di Minorca, nelle Baleari, che potete trovare sul nostro sito web. Altre mappe di Minorca Escursioni &#8230; <\/p>\n<p class=\"read-more-container\"><a title=\"Mappa \ud83d\udccc Percorsi e itinerari\" class=\"read-more button\" href=\"https:\/\/www.viajamenorca.com\/it\/guida-turistica\/mappa-%f0%9f%93%8c-percorsi-e-itinerari\/#more-52757\" aria-label=\"Per saperne di pi\u00f9 su Mappa \ud83d\udccc Percorsi e itinerari\">Leggi tutto<\/a><\/p>\n<\/p>\n\t\t\t\t\n\t\t\t<\/div>\n\t\t\t<hr \/>\n\t\t\t\t\t\t<div class=\"search-result-item\">\n\t\t\t    \n\t\t\t    <div class=\"post-thumbnail-wrap\"><a href=\"https:\/\/www.viajamenorca.com\/it\/rivista\/grotte-e-cavita-naturali\/\"><img decoding=\"async\" width=\"1024\" height=\"806\" src=\"https:\/\/www.viajamenorca.com\/wp-content\/uploads\/2021\/04\/20210403_182119_HDR_stitch-1024x806.jpg\" class=\"attachment-large size-large wp-post-image\" alt=\"\" srcset=\"https:\/\/www.viajamenorca.com\/wp-content\/uploads\/2021\/04\/20210403_182119_HDR_stitch-1024x806.jpg 1024w, https:\/\/www.viajamenorca.com\/wp-content\/uploads\/2021\/04\/20210403_182119_HDR_stitch-300x236.jpg 300w, https:\/\/www.viajamenorca.com\/wp-content\/uploads\/2021\/04\/20210403_182119_HDR_stitch-768x605.jpg 768w, https:\/\/www.viajamenorca.com\/wp-content\/uploads\/2021\/04\/20210403_182119_HDR_stitch-1536x1209.jpg 1536w, https:\/\/www.viajamenorca.com\/wp-content\/uploads\/2021\/04\/20210403_182119_HDR_stitch-2048x1613.jpg 2048w, https:\/\/www.viajamenorca.com\/wp-content\/uploads\/2021\/04\/20210403_182119_HDR_stitch-110x87.jpg 110w, https:\/\/www.viajamenorca.com\/wp-content\/uploads\/2021\/04\/20210403_182119_HDR_stitch-420x331.jpg 420w, https:\/\/www.viajamenorca.com\/wp-content\/uploads\/2021\/04\/20210403_182119_HDR_stitch-546x430.jpg 546w\" sizes=\"(max-width: 1024px) 100vw, 1024px\" \/><\/a><\/div>\t\t\t    \n\t\t\t    <h2>\n\t\t\t\t    <a href=\"https:\/\/www.viajamenorca.com\/it\/rivista\/grotte-e-cavita-naturali\/\">\n\t\t\t\t        Grotte e cavit\u00e0 naturali\t\t\t\t    <\/a>\n\t\t\t\t<\/h2>\n\t\t\t\t\n\t\t\t    \t\t\t\t<p class=\"post-excerpt\"><p>Scopri le impressionanti grotte dell&#8217;isola: una guida completa per gli amanti della speleologia, dell&#8217;archeologia e della natura. Le grotte pi\u00f9 visitate L&#8217;isola offre anche un gran numero di grotte impressionanti &#8230; <\/p>\n<p class=\"read-more-container\"><a title=\"Grotte e cavit\u00e0 naturali\" class=\"read-more button\" href=\"https:\/\/www.viajamenorca.com\/it\/rivista\/grotte-e-cavita-naturali\/#more-52767\" aria-label=\"Per saperne di pi\u00f9 su Grotte e cavit\u00e0 naturali\">Leggi tutto<\/a><\/p>\n<\/p>\n\t\t\t\t\n\t\t\t<\/div>\n\t\t\t<hr \/>\n\t\t\t\t\t\t<div class=\"search-result-item\">\n\t\t\t    \n\t\t\t    <div class=\"post-thumbnail-wrap\"><a href=\"https:\/\/www.viajamenorca.com\/it\/guida-turistica\/trasporto\/taxi-tariffe-e-servizi\/\"><img decoding=\"async\" width=\"1024\" height=\"530\" src=\"https:\/\/www.viajamenorca.com\/wp-content\/uploads\/2019\/03\/IMG_20230805_130740-1024x530.jpg\" class=\"attachment-large size-large wp-post-image\" alt=\"\" srcset=\"https:\/\/www.viajamenorca.com\/wp-content\/uploads\/2019\/03\/IMG_20230805_130740-1024x530.jpg 1024w, https:\/\/www.viajamenorca.com\/wp-content\/uploads\/2019\/03\/IMG_20230805_130740-350x181.jpg 350w, https:\/\/www.viajamenorca.com\/wp-content\/uploads\/2019\/03\/IMG_20230805_130740-768x397.jpg 768w, https:\/\/www.viajamenorca.com\/wp-content\/uploads\/2019\/03\/IMG_20230805_130740-1536x795.jpg 1536w, https:\/\/www.viajamenorca.com\/wp-content\/uploads\/2019\/03\/IMG_20230805_130740-2048x1060.jpg 2048w\" sizes=\"(max-width: 1024px) 100vw, 1024px\" \/><\/a><\/div>\t\t\t    \n\t\t\t    <h2>\n\t\t\t\t    <a href=\"https:\/\/www.viajamenorca.com\/it\/guida-turistica\/trasporto\/taxi-tariffe-e-servizi\/\">\n\t\t\t\t        Taxi: tariffe e servizi\t\t\t\t    <\/a>\n\t\t\t\t<\/h2>\n\t\t\t\t\n\t\t\t    \t\t\t\t<p class=\"post-excerpt\"><p>Per i turisti e i visitatori che desiderano esplorare questa splendida isola, il servizio taxi \u00e8 l&#8217;opzione ideale per spostarsi. In questo articolo esploreremo il servizio di taxi a Minorca &#8230; <\/p>\n<p class=\"read-more-container\"><a title=\"Taxi: tariffe e servizi\" class=\"read-more button\" href=\"https:\/\/www.viajamenorca.com\/it\/guida-turistica\/trasporto\/taxi-tariffe-e-servizi\/#more-52784\" aria-label=\"Per saperne di pi\u00f9 su Taxi: tariffe e servizi\">Leggi tutto<\/a><\/p>\n<\/p>\n\t\t\t\t\n\t\t\t<\/div>\n\t\t\t<hr \/>\n\t\t\t\t\t\t<div class=\"search-result-item\">\n\t\t\t    \n\t\t\t    <div class=\"post-thumbnail-wrap\"><a href=\"https:\/\/www.viajamenorca.com\/it\/rivista\/pesca-a-minorca\/\"><img decoding=\"async\" width=\"1024\" height=\"683\" src=\"https:\/\/www.viajamenorca.com\/wp-content\/uploads\/2023\/02\/Pescar-en-Menorca-1024x683.jpg\" class=\"attachment-large size-large wp-post-image\" alt=\"\" srcset=\"https:\/\/www.viajamenorca.com\/wp-content\/uploads\/2023\/02\/Pescar-en-Menorca-1024x683.jpg 1024w, https:\/\/www.viajamenorca.com\/wp-content\/uploads\/2023\/02\/Pescar-en-Menorca-350x233.jpg 350w, https:\/\/www.viajamenorca.com\/wp-content\/uploads\/2023\/02\/Pescar-en-Menorca-768x512.jpg 768w, https:\/\/www.viajamenorca.com\/wp-content\/uploads\/2023\/02\/Pescar-en-Menorca-1536x1024.jpg 1536w, https:\/\/www.viajamenorca.com\/wp-content\/uploads\/2023\/02\/Pescar-en-Menorca-2048x1365.jpg 2048w\" sizes=\"(max-width: 1024px) 100vw, 1024px\" \/><\/a><\/div>\t\t\t    \n\t\t\t    <h2>\n\t\t\t\t    <a href=\"https:\/\/www.viajamenorca.com\/it\/rivista\/pesca-a-minorca\/\">\n\t\t\t\t        Pesca a Minorca\t\t\t\t    <\/a>\n\t\t\t\t<\/h2>\n\t\t\t\t\n\t\t\t    \t\t\t\t<p class=\"post-excerpt\"><p>L&#8217;isola \u00e8 un paradiso per gli amanti della pesca, con un&#8217;ampia variet\u00e0 di specie e paesaggi mozzafiato da esplorare. Di seguito ti forniamo informazioni sui migliori luoghi in cui pescare &#8230; <\/p>\n<p class=\"read-more-container\"><a title=\"Pesca a Minorca\" class=\"read-more button\" href=\"https:\/\/www.viajamenorca.com\/it\/rivista\/pesca-a-minorca\/#more-52826\" aria-label=\"Per saperne di pi\u00f9 su Pesca a Minorca\">Leggi tutto<\/a><\/p>\n<\/p>\n\t\t\t\t\n\t\t\t<\/div>\n\t\t\t<hr \/>\n\t\t\t\t\t\t<div class=\"search-result-item\">\n\t\t\t    \n\t\t\t    <div class=\"post-thumbnail-wrap\"><a href=\"https:\/\/www.viajamenorca.com\/it\/rivista\/guida-lgbt\/\"><img decoding=\"async\" width=\"1024\" height=\"683\" src=\"https:\/\/www.viajamenorca.com\/wp-content\/uploads\/2023\/02\/LGBT-playa-menorca-1024x683.jpg\" class=\"attachment-large size-large wp-post-image\" alt=\"\" srcset=\"https:\/\/www.viajamenorca.com\/wp-content\/uploads\/2023\/02\/LGBT-playa-menorca-1024x683.jpg 1024w, https:\/\/www.viajamenorca.com\/wp-content\/uploads\/2023\/02\/LGBT-playa-menorca-350x233.jpg 350w, https:\/\/www.viajamenorca.com\/wp-content\/uploads\/2023\/02\/LGBT-playa-menorca-768x512.jpg 768w, https:\/\/www.viajamenorca.com\/wp-content\/uploads\/2023\/02\/LGBT-playa-menorca-1536x1024.jpg 1536w, https:\/\/www.viajamenorca.com\/wp-content\/uploads\/2023\/02\/LGBT-playa-menorca-2048x1365.jpg 2048w\" sizes=\"(max-width: 1024px) 100vw, 1024px\" \/><\/a><\/div>\t\t\t    \n\t\t\t    <h2>\n\t\t\t\t    <a href=\"https:\/\/www.viajamenorca.com\/it\/rivista\/guida-lgbt\/\">\n\t\t\t\t        Guida LGBT+ di Minorca\t\t\t\t    <\/a>\n\t\t\t\t<\/h2>\n\t\t\t\t\n\t\t\t    \t\t\t\t<p class=\"post-excerpt\"><p>L&#8217;isola di Minorca \u00e8 un vero paradiso per i viaggiatori LGBT+. Con le sue spiagge da sogno, la sua ricca storia e la sua vivace vita notturna, \u00e8 il luogo &#8230; <\/p>\n<p class=\"read-more-container\"><a title=\"Guida LGBT+ di Minorca\" class=\"read-more button\" href=\"https:\/\/www.viajamenorca.com\/it\/rivista\/guida-lgbt\/#more-52842\" aria-label=\"Per saperne di pi\u00f9 su Guida LGBT+ di Minorca\">Leggi tutto<\/a><\/p>\n<\/p>\n\t\t\t\t\n\t\t\t<\/div>\n\t\t\t<hr \/>\n\t\t\t\t\t\t<div class=\"search-result-item\">\n\t\t\t    \n\t\t\t    <div class=\"post-thumbnail-wrap\"><a href=\"https:\/\/www.viajamenorca.com\/it\/guida-turistica\/festeggiamenti-del-santo-patrono\/calendario-delle-vacanze\/\"><img decoding=\"async\" width=\"723\" height=\"1024\" src=\"https:\/\/www.viajamenorca.com\/wp-content\/uploads\/2018\/11\/Calendario_Fiestas_Menorca-723x1024.jpg\" class=\"attachment-large size-large wp-post-image\" alt=\"Feste di Minorca\" srcset=\"https:\/\/www.viajamenorca.com\/wp-content\/uploads\/2018\/11\/Calendario_Fiestas_Menorca-723x1024.jpg 723w, https:\/\/www.viajamenorca.com\/wp-content\/uploads\/2018\/11\/Calendario_Fiestas_Menorca-212x300.jpg 212w, https:\/\/www.viajamenorca.com\/wp-content\/uploads\/2018\/11\/Calendario_Fiestas_Menorca-768x1087.jpg 768w, https:\/\/www.viajamenorca.com\/wp-content\/uploads\/2018\/11\/Calendario_Fiestas_Menorca-78x110.jpg 78w, https:\/\/www.viajamenorca.com\/wp-content\/uploads\/2018\/11\/Calendario_Fiestas_Menorca-297x420.jpg 297w, https:\/\/www.viajamenorca.com\/wp-content\/uploads\/2018\/11\/Calendario_Fiestas_Menorca-304x430.jpg 304w, https:\/\/www.viajamenorca.com\/wp-content\/uploads\/2018\/11\/Calendario_Fiestas_Menorca.jpg 1500w\" sizes=\"(max-width: 723px) 100vw, 723px\" \/><\/a><\/div>\t\t\t    \n\t\t\t    <h2>\n\t\t\t\t    <a href=\"https:\/\/www.viajamenorca.com\/it\/guida-turistica\/festeggiamenti-del-santo-patrono\/calendario-delle-vacanze\/\">\n\t\t\t\t        Calendario delle feste patronali\t\t\t\t    <\/a>\n\t\t\t\t<\/h2>\n\t\t\t\t\n\t\t\t    \t\t\t\t<p class=\"post-excerpt\"><p>Minorca \u00e8 famosa per le sue feste patronali che vengono celebrate durante tutto l&#8217;anno. Qui di seguito ti presentiamo il calendario delle feste 2026 e informazioni su protocolli, usanze e &#8230; <\/p>\n<p class=\"read-more-container\"><a title=\"Calendario delle feste patronali\" class=\"read-more button\" href=\"https:\/\/www.viajamenorca.com\/it\/guida-turistica\/festeggiamenti-del-santo-patrono\/calendario-delle-vacanze\/#more-52938\" aria-label=\"Per saperne di pi\u00f9 su Calendario delle feste patronali\">Leggi tutto<\/a><\/p>\n<\/p>\n\t\t\t\t\n\t\t\t<\/div>\n\t\t\t<hr \/>\n\t\t\t\t<\/div>\n\t\n\t\ud83d\udcc4 1 \/ 11<br \/>\n\t\n\t<div class=\"pagination\">\n\t\t<div class=\"nav-previous\"><a href=\"https:\/\/www.viajamenorca.com\/it\/wp-json\/wp\/v2\/pages\/56382\/page\/2\/\" >\u27a1\ufe0f posts<\/a><\/div>\n\t\t<div class=\"nav-next\"><\/div>\n\t\t\t<\/div>\n\t<\/div>\n","protected":false},"excerpt":{"rendered":"","protected":false},"author":1,"featured_media":52863,"parent":54065,"menu_order":0,"comment_status":"closed","ping_status":"closed","template":"","meta":{"_acf_changed":false,"footnotes":""},"class_list":["post-56382","page","type-page","status-publish","has-post-thumbnail","hentry","resize-featured-image"],"acf":[],"yoast_head":"<!-- This site is optimized with the Yoast SEO plugin v27.4 - https:\/\/yoast.com\/product\/yoast-seo-wordpress\/ -->\n<title>ricerca - Viaja a Menorca<\/title>\n<meta name=\"description\" content=\"ricerca\" \/>\n<meta name=\"robots\" content=\"noindex, nofollow\" \/>\n<meta property=\"og:locale\" content=\"it_IT\" \/>\n<meta property=\"og:type\" content=\"article\" \/>\n<meta property=\"og:title\" content=\"ricerca - Viaja a Menorca\" \/>\n<meta property=\"og:description\" content=\"ricerca\" \/>\n<meta property=\"og:url\" content=\"https:\/\/www.viajamenorca.com\/it\/guida-turistica\/spiagge-e-calette\/ricerca\/\" \/>\n<meta property=\"og:site_name\" content=\"Viaja a Menorca\" \/>\n<meta property=\"article:publisher\" content=\"https:\/\/www.facebook.com\/ViajaMenorca\/\" \/>\n<meta property=\"article:modified_time\" content=\"2026-02-27T13:55:59+00:00\" \/>\n<meta property=\"og:image\" content=\"https:\/\/www.viajamenorca.com\/wp-content\/uploads\/2025\/02\/imagen_menorca.jpg\" \/>\n\t<meta property=\"og:image:width\" content=\"2080\" \/>\n\t<meta property=\"og:image:height\" content=\"1600\" \/>\n\t<meta property=\"og:image:type\" content=\"image\/jpeg\" \/>\n<meta name=\"twitter:card\" content=\"summary_large_image\" \/>\n<meta name=\"twitter:site\" content=\"@ViajaMenorca\" \/>\n<meta name=\"twitter:label1\" content=\"Tempo di lettura stimato\" \/>\n\t<meta name=\"twitter:data1\" content=\"1 minuto\" \/>\n<script type=\"application\/ld+json\" class=\"yoast-schema-graph\">{\"@context\":\"https:\\\/\\\/schema.org\",\"@graph\":[{\"@type\":\"WebPage\",\"@id\":\"https:\\\/\\\/www.viajamenorca.com\\\/it\\\/guida-turistica\\\/spiagge-e-calette\\\/ricerca\\\/\",\"url\":\"https:\\\/\\\/www.viajamenorca.com\\\/it\\\/guida-turistica\\\/spiagge-e-calette\\\/ricerca\\\/\",\"name\":\"ricerca - Viaja a Menorca\",\"isPartOf\":{\"@id\":\"https:\\\/\\\/www.viajamenorca.com\\\/it\\\/#website\"},\"primaryImageOfPage\":{\"@id\":\"https:\\\/\\\/www.viajamenorca.com\\\/it\\\/guida-turistica\\\/spiagge-e-calette\\\/ricerca\\\/#primaryimage\"},\"image\":{\"@id\":\"https:\\\/\\\/www.viajamenorca.com\\\/it\\\/guida-turistica\\\/spiagge-e-calette\\\/ricerca\\\/#primaryimage\"},\"thumbnailUrl\":\"https:\\\/\\\/www.viajamenorca.com\\\/wp-content\\\/uploads\\\/2025\\\/02\\\/imagen_menorca.jpg\",\"datePublished\":\"2024-04-08T18:25:53+00:00\",\"dateModified\":\"2026-02-27T13:55:59+00:00\",\"description\":\"ricerca\",\"breadcrumb\":{\"@id\":\"https:\\\/\\\/www.viajamenorca.com\\\/it\\\/guida-turistica\\\/spiagge-e-calette\\\/ricerca\\\/#breadcrumb\"},\"inLanguage\":\"it-IT\",\"potentialAction\":[{\"@type\":\"ReadAction\",\"target\":[\"https:\\\/\\\/www.viajamenorca.com\\\/it\\\/guida-turistica\\\/spiagge-e-calette\\\/ricerca\\\/\"]}]},{\"@type\":\"ImageObject\",\"inLanguage\":\"it-IT\",\"@id\":\"https:\\\/\\\/www.viajamenorca.com\\\/it\\\/guida-turistica\\\/spiagge-e-calette\\\/ricerca\\\/#primaryimage\",\"url\":\"https:\\\/\\\/www.viajamenorca.com\\\/wp-content\\\/uploads\\\/2025\\\/02\\\/imagen_menorca.jpg\",\"contentUrl\":\"https:\\\/\\\/www.viajamenorca.com\\\/wp-content\\\/uploads\\\/2025\\\/02\\\/imagen_menorca.jpg\",\"width\":2080,\"height\":1600},{\"@type\":\"BreadcrumbList\",\"@id\":\"https:\\\/\\\/www.viajamenorca.com\\\/it\\\/guida-turistica\\\/spiagge-e-calette\\\/ricerca\\\/#breadcrumb\",\"itemListElement\":[{\"@type\":\"ListItem\",\"position\":1,\"name\":\"Minorca Guida Turistica 2026\",\"item\":\"https:\\\/\\\/www.viajamenorca.com\\\/it\\\/guida-turistica\\\/\"},{\"@type\":\"ListItem\",\"position\":2,\"name\":\"Spiagge\",\"item\":\"https:\\\/\\\/www.viajamenorca.com\\\/it\\\/guida-turistica\\\/spiagge-e-calette\\\/\"},{\"@type\":\"ListItem\",\"position\":3,\"name\":\"ricerca\"}]},{\"@type\":\"WebSite\",\"@id\":\"https:\\\/\\\/www.viajamenorca.com\\\/it\\\/#website\",\"url\":\"https:\\\/\\\/www.viajamenorca.com\\\/it\\\/\",\"name\":\"Viaja a Menorca\",\"description\":\"La tua avventura a Minorca inizia qui!\",\"publisher\":{\"@id\":\"https:\\\/\\\/www.viajamenorca.com\\\/it\\\/#organization\"},\"alternateName\":\"Gu\u00eda tur\u00edstica de Menorca\",\"potentialAction\":[{\"@type\":\"SearchAction\",\"target\":{\"@type\":\"EntryPoint\",\"urlTemplate\":\"https:\\\/\\\/www.viajamenorca.com\\\/it\\\/?s={search_term_string}\"},\"query-input\":{\"@type\":\"PropertyValueSpecification\",\"valueRequired\":true,\"valueName\":\"search_term_string\"}}],\"inLanguage\":\"it-IT\"},{\"@type\":\"Organization\",\"@id\":\"https:\\\/\\\/www.viajamenorca.com\\\/it\\\/#organization\",\"name\":\"Viaja a Menorca - Gu\u00eda tur\u00edstica\",\"alternateName\":\"Viaja a Menorca\",\"url\":\"https:\\\/\\\/www.viajamenorca.com\\\/it\\\/\",\"logo\":{\"@type\":\"ImageObject\",\"inLanguage\":\"it-IT\",\"@id\":\"https:\\\/\\\/www.viajamenorca.com\\\/it\\\/#\\\/schema\\\/logo\\\/image\\\/\",\"url\":\"https:\\\/\\\/www.viajamenorca.com\\\/wp-content\\\/uploads\\\/2021\\\/11\\\/viajamenorca.jpg\",\"contentUrl\":\"https:\\\/\\\/www.viajamenorca.com\\\/wp-content\\\/uploads\\\/2021\\\/11\\\/viajamenorca.jpg\",\"width\":714,\"height\":714,\"caption\":\"Viaja a Menorca - Gu\u00eda tur\u00edstica\"},\"image\":{\"@id\":\"https:\\\/\\\/www.viajamenorca.com\\\/it\\\/#\\\/schema\\\/logo\\\/image\\\/\"},\"sameAs\":[\"https:\\\/\\\/www.facebook.com\\\/ViajaMenorca\\\/\",\"https:\\\/\\\/x.com\\\/ViajaMenorca\",\"https:\\\/\\\/www.instagram.com\\\/viaja_menorca\\\/?hl=es\",\"https:\\\/\\\/www.youtube.com\\\/channel\\\/UCWtpR3jxp79HeZ8zZfHLhXw\"]}]}<\/script>\n<!-- \/ Yoast SEO plugin. -->","yoast_head_json":{"title":"ricerca - Viaja a Menorca","description":"ricerca","robots":{"index":"noindex","follow":"nofollow"},"og_locale":"it_IT","og_type":"article","og_title":"ricerca - Viaja a Menorca","og_description":"ricerca","og_url":"https:\/\/www.viajamenorca.com\/it\/guida-turistica\/spiagge-e-calette\/ricerca\/","og_site_name":"Viaja a Menorca","article_publisher":"https:\/\/www.facebook.com\/ViajaMenorca\/","article_modified_time":"2026-02-27T13:55:59+00:00","og_image":[{"width":2080,"height":1600,"url":"https:\/\/www.viajamenorca.com\/wp-content\/uploads\/2025\/02\/imagen_menorca.jpg","type":"image\/jpeg"}],"twitter_card":"summary_large_image","twitter_site":"@ViajaMenorca","twitter_misc":{"Tempo di lettura stimato":"1 minuto"},"schema":{"@context":"https:\/\/schema.org","@graph":[{"@type":"WebPage","@id":"https:\/\/www.viajamenorca.com\/it\/guida-turistica\/spiagge-e-calette\/ricerca\/","url":"https:\/\/www.viajamenorca.com\/it\/guida-turistica\/spiagge-e-calette\/ricerca\/","name":"ricerca - Viaja a Menorca","isPartOf":{"@id":"https:\/\/www.viajamenorca.com\/it\/#website"},"primaryImageOfPage":{"@id":"https:\/\/www.viajamenorca.com\/it\/guida-turistica\/spiagge-e-calette\/ricerca\/#primaryimage"},"image":{"@id":"https:\/\/www.viajamenorca.com\/it\/guida-turistica\/spiagge-e-calette\/ricerca\/#primaryimage"},"thumbnailUrl":"https:\/\/www.viajamenorca.com\/wp-content\/uploads\/2025\/02\/imagen_menorca.jpg","datePublished":"2024-04-08T18:25:53+00:00","dateModified":"2026-02-27T13:55:59+00:00","description":"ricerca","breadcrumb":{"@id":"https:\/\/www.viajamenorca.com\/it\/guida-turistica\/spiagge-e-calette\/ricerca\/#breadcrumb"},"inLanguage":"it-IT","potentialAction":[{"@type":"ReadAction","target":["https:\/\/www.viajamenorca.com\/it\/guida-turistica\/spiagge-e-calette\/ricerca\/"]}]},{"@type":"ImageObject","inLanguage":"it-IT","@id":"https:\/\/www.viajamenorca.com\/it\/guida-turistica\/spiagge-e-calette\/ricerca\/#primaryimage","url":"https:\/\/www.viajamenorca.com\/wp-content\/uploads\/2025\/02\/imagen_menorca.jpg","contentUrl":"https:\/\/www.viajamenorca.com\/wp-content\/uploads\/2025\/02\/imagen_menorca.jpg","width":2080,"height":1600},{"@type":"BreadcrumbList","@id":"https:\/\/www.viajamenorca.com\/it\/guida-turistica\/spiagge-e-calette\/ricerca\/#breadcrumb","itemListElement":[{"@type":"ListItem","position":1,"name":"Minorca Guida Turistica 2026","item":"https:\/\/www.viajamenorca.com\/it\/guida-turistica\/"},{"@type":"ListItem","position":2,"name":"Spiagge","item":"https:\/\/www.viajamenorca.com\/it\/guida-turistica\/spiagge-e-calette\/"},{"@type":"ListItem","position":3,"name":"ricerca"}]},{"@type":"WebSite","@id":"https:\/\/www.viajamenorca.com\/it\/#website","url":"https:\/\/www.viajamenorca.com\/it\/","name":"Viaja a Menorca","description":"La tua avventura a Minorca inizia qui!","publisher":{"@id":"https:\/\/www.viajamenorca.com\/it\/#organization"},"alternateName":"Gu\u00eda tur\u00edstica de Menorca","potentialAction":[{"@type":"SearchAction","target":{"@type":"EntryPoint","urlTemplate":"https:\/\/www.viajamenorca.com\/it\/?s={search_term_string}"},"query-input":{"@type":"PropertyValueSpecification","valueRequired":true,"valueName":"search_term_string"}}],"inLanguage":"it-IT"},{"@type":"Organization","@id":"https:\/\/www.viajamenorca.com\/it\/#organization","name":"Viaja a Menorca - Gu\u00eda tur\u00edstica","alternateName":"Viaja a Menorca","url":"https:\/\/www.viajamenorca.com\/it\/","logo":{"@type":"ImageObject","inLanguage":"it-IT","@id":"https:\/\/www.viajamenorca.com\/it\/#\/schema\/logo\/image\/","url":"https:\/\/www.viajamenorca.com\/wp-content\/uploads\/2021\/11\/viajamenorca.jpg","contentUrl":"https:\/\/www.viajamenorca.com\/wp-content\/uploads\/2021\/11\/viajamenorca.jpg","width":714,"height":714,"caption":"Viaja a Menorca - Gu\u00eda tur\u00edstica"},"image":{"@id":"https:\/\/www.viajamenorca.com\/it\/#\/schema\/logo\/image\/"},"sameAs":["https:\/\/www.facebook.com\/ViajaMenorca\/","https:\/\/x.com\/ViajaMenorca","https:\/\/www.instagram.com\/viaja_menorca\/?hl=es","https:\/\/www.youtube.com\/channel\/UCWtpR3jxp79HeZ8zZfHLhXw"]}]}},"_links":{"self":[{"href":"https:\/\/www.viajamenorca.com\/it\/wp-json\/wp\/v2\/pages\/56382","targetHints":{"allow":["GET"]}}],"collection":[{"href":"https:\/\/www.viajamenorca.com\/it\/wp-json\/wp\/v2\/pages"}],"about":[{"href":"https:\/\/www.viajamenorca.com\/it\/wp-json\/wp\/v2\/types\/page"}],"author":[{"embeddable":true,"href":"https:\/\/www.viajamenorca.com\/it\/wp-json\/wp\/v2\/users\/1"}],"replies":[{"embeddable":true,"href":"https:\/\/www.viajamenorca.com\/it\/wp-json\/wp\/v2\/comments?post=56382"}],"version-history":[{"count":1,"href":"https:\/\/www.viajamenorca.com\/it\/wp-json\/wp\/v2\/pages\/56382\/revisions"}],"predecessor-version":[{"id":56385,"href":"https:\/\/www.viajamenorca.com\/it\/wp-json\/wp\/v2\/pages\/56382\/revisions\/56385"}],"up":[{"embeddable":true,"href":"https:\/\/www.viajamenorca.com\/it\/wp-json\/wp\/v2\/pages\/54065"}],"wp:featuredmedia":[{"embeddable":true,"href":"https:\/\/www.viajamenorca.com\/it\/wp-json\/wp\/v2\/media\/52863"}],"wp:attachment":[{"href":"https:\/\/www.viajamenorca.com\/it\/wp-json\/wp\/v2\/media?parent=56382"}],"curies":[{"name":"wp","href":"https:\/\/api.w.org\/{rel}","templated":true}]}}